{"id":18,"date":"2014-06-30T21:47:03","date_gmt":"2014-06-30T19:47:03","guid":{"rendered":"http:\/\/www.stadtchorgmunden.at\/?page_id=18"},"modified":"2026-02-01T14:37:30","modified_gmt":"2026-02-01T13:37:30","slug":"ausfluege","status":"publish","type":"page","link":"http:\/\/www.stadtchorgmunden.at\/?page_id=18","title":{"rendered":"Auftritte"},"content":{"rendered":"\n<p><strong><mark style=\"background-color:rgba(0, 0, 0, 0)\" class=\"has-inline-color has-vivid-cyan-blue-color\">14.12.2025, 18:00  Kleines Adventsingen am Baumwipfelpfad am Gr\u00fcnberg &#8220; Lichterglanz&#8220;<\/mark><\/strong><\/p>\n\n\n\n<p><strong><mark style=\"background-color:rgba(0, 0, 0, 0)\" class=\"has-inline-color has-vivid-cyan-blue-color\">23.11.2025, 16:00 Pfarrkirche Altm\u00fcnster: Chorweihnacht der O\u00d6 Chorverbandes, Region Salzkammergut<\/mark> <\/strong><\/p>\n\n\n\n<p><\/p>\n\n\n<p style=\"text-align: left;\"><span style=\"color: #0000ff;\"><strong><mark class=\"has-inline-color has-vivid-cyan-blue-color\">23.11.2025, 16:00 Pfarrkirche Altm\u00fcnster: Chorweihnacht der O\u00d6 Chorverbandes, <\/mark><\/strong><\/span><br \/><span style=\"color: #0000ff;\">\u00a0<strong><mark class=\"has-inline-color has-vivid-cyan-blue-color\"><span style=\"color: #0000ff;\"> \u00a0 \u00a0 \u00a0 \u00a0 \u00a0 \u00a0 \u00a0 \u00a0 \u00a0 Region Salzkammergut<\/span><\/mark><\/strong><\/span><\/p>\n\n\n<p class=\"has-vivid-cyan-blue-color has-text-color has-link-color wp-elements-4dc4dcde771fce065eab4b5f6640d334\"><strong>18. und 19.Oktober 2025<\/strong> REQUIEM \u2013 W.A.Mozart<\/p>\n\n\n\n<p><strong>27.09.2025, 14:00: <\/strong><strong>Festung Hohen Salzburg: Eine zerfledderte Maus f\u00fcr Johann Strau\u00df<\/strong><\/p>\n\n\n\n<p><\/p>\n\n\n\n<p><strong>14.09.2025, 10:00: Salzburg Dom \u2013 Projektchor Erntedank \u2013&nbsp; Chorverband Salzburg<br><\/strong>&nbsp; &nbsp; &nbsp; &nbsp; &nbsp; &nbsp; &nbsp; &nbsp; &nbsp; &nbsp; &nbsp; &nbsp; &nbsp; &nbsp; &nbsp; &nbsp; &nbsp; &nbsp; &nbsp; &nbsp; &nbsp; &nbsp; &nbsp; Werke von F.Mendelssohn, J.F.Doppelbauer, H.Sch\u00fctz u.a.<\/p>\n\n\n\n<p class=\"has-text-color has-link-color wp-elements-6055dac5e75fd43100983dbc3438e467\" style=\"color:#076be3\">Neumarkt am Wallersee: <br>28.6.2025: <strong>Abendmesse und Benefizkonzert<\/strong><\/p>\n\n\n\n<p>A. Bruckner : Windhaager Messe, Lous iste, Ave Maria<\/p>\n\n\n\n<p>Musik von Hildegard von Bingen, Castelnuovo Tedesco, Gabriel Faur\u00e9,<br>Spirituals und ostkirchliche Ges\u00e4nge<br>________________________________________________________________________________________________________________<\/p>\n\n\n<p><a href=\"http:\/\/www.stadtchorgmunden.at\/wp-content\/uploads\/2025\/05\/IMG-20250509-WA0008-1.jpg\"><img loading=\"lazy\" decoding=\"async\" class=\"alignnone  wp-image-1578\" src=\"http:\/\/www.stadtchorgmunden.at\/wp-content\/uploads\/2025\/05\/IMG-20250509-WA0008-1-300x300.jpg\" alt=\"\" width=\"262\" height=\"262\" srcset=\"http:\/\/www.stadtchorgmunden.at\/wp-content\/uploads\/2025\/05\/IMG-20250509-WA0008-1-300x300.jpg 300w, http:\/\/www.stadtchorgmunden.at\/wp-content\/uploads\/2025\/05\/IMG-20250509-WA0008-1-1024x1024.jpg 1024w, http:\/\/www.stadtchorgmunden.at\/wp-content\/uploads\/2025\/05\/IMG-20250509-WA0008-1-150x150.jpg 150w, http:\/\/www.stadtchorgmunden.at\/wp-content\/uploads\/2025\/05\/IMG-20250509-WA0008-1-768x768.jpg 768w, http:\/\/www.stadtchorgmunden.at\/wp-content\/uploads\/2025\/05\/IMG-20250509-WA0008-1-1536x1536.jpg 1536w, http:\/\/www.stadtchorgmunden.at\/wp-content\/uploads\/2025\/05\/IMG-20250509-WA0008-1.jpg 2048w\" sizes=\"auto, (max-width: 262px) 100vw, 262px\" \/><\/a><a href=\"http:\/\/www.stadtchorgmunden.at\/wp-content\/uploads\/2025\/03\/Plakatentwurf-korr.jpg\"><img loading=\"lazy\" decoding=\"async\" class=\"alignnone wp-image-1504\" src=\"http:\/\/www.stadtchorgmunden.at\/wp-content\/uploads\/2025\/03\/Plakatentwurf-korr-721x1024.jpg\" alt=\"\" width=\"186\" height=\"264\" srcset=\"http:\/\/www.stadtchorgmunden.at\/wp-content\/uploads\/2025\/03\/Plakatentwurf-korr-721x1024.jpg 721w, http:\/\/www.stadtchorgmunden.at\/wp-content\/uploads\/2025\/03\/Plakatentwurf-korr-211x300.jpg 211w, http:\/\/www.stadtchorgmunden.at\/wp-content\/uploads\/2025\/03\/Plakatentwurf-korr-768x1091.jpg 768w, http:\/\/www.stadtchorgmunden.at\/wp-content\/uploads\/2025\/03\/Plakatentwurf-korr.jpg 943w\" sizes=\"auto, (max-width: 186px) 100vw, 186px\" \/><\/a><\/p>\n<p><strong><span style=\"color: #0000ff;\">Die Don Kosaken und der Stadtchor Gmunden in der Kapuziner Kirche!<\/span><\/strong><\/p>\n<p>Am Abend des 9.Mai 2025 erlebten Freunde der Chormusik H\u00f6chsten Kulturgenu\u00df:<br \/>\nStimmgewaltige und hochbegabte S\u00e4nger, Spiritualit\u00e4t in den geistlichen Ges\u00e4ngen, Spielfreude bei den Volksliedern aus der Ukraine sowie ein abwechslungsreiches, fein interpretiertes Kontrastprogramm des Stadtchores Gmunden.<\/p>\n<p>Dieses reichte vom Jodler, einem Volkslied und Anton Bruckner \u00fcber Johann Strau\u00df und einem Spiritual bis hin zu Gabriel Faur\u00e9&#8217;s Cantique de Racine, jedesmal kongenial begleitet von Andreas Schnee.<\/p>\n<p>Bei der Begr\u00fc\u00dfung konnte die Chorleiterin des Stadtchores Gmunden, Frau Gertraud Steinkogler-Wurzinger , nicht umhin, darauf hinzuweisen, dass das Konzertdatum wohl ein besonderes Zeichen f\u00fcr eine Europ\u00e4ische Friedensbewegung sei. Blickte doch gerade an diesem Samstag alle Welt nach Kiev und Moskau, w\u00e4hrend der Kosaken Chor Serge Jaroff, der sich niemals einer politischen Ausrichtung unterworfen hatte, mit seinem Gesang eine Geste f\u00fcr alle Menschen, alle V\u00f6lker und alle Religionen auf dieser Welt setzen m\u00f6chte.<\/p>\n<p>Ber\u00fchrend noch zum Schlu\u00df das von beiden Ch\u00f6ren gemeinsam gesungene Lied von Johannes Brahms: Guten Abend, gut Nacht<\/p>\n<div style=\"width: 848px;\" class=\"wp-video\"><!--[if lt IE 9]><script>document.createElement('video');<\/script><![endif]-->\n<video class=\"wp-video-shortcode\" id=\"video-18-1\" width=\"848\" height=\"478\" preload=\"metadata\" controls=\"controls\"><source type=\"video\/mp4\" src=\"http:\/\/www.stadtchorgmunden.at\/wp-content\/uploads\/2025\/05\/VID-20250510-WA0002-1.mp4?_=1\" \/><a href=\"http:\/\/www.stadtchorgmunden.at\/wp-content\/uploads\/2025\/05\/VID-20250510-WA0002-1.mp4\">http:\/\/www.stadtchorgmunden.at\/wp-content\/uploads\/2025\/05\/VID-20250510-WA0002-1.mp4<\/a><\/video><\/div>\n<p>&nbsp;<\/p>\n<hr \/>\n<p><a href=\"http:\/\/www.stadtchorgmunden.at\/wp-content\/uploads\/2023\/03\/Zusammenfassung-1.jpg\"><img loading=\"lazy\" decoding=\"async\" class=\"alignnone wp-image-1196\" src=\"http:\/\/www.stadtchorgmunden.at\/wp-content\/uploads\/2023\/03\/Zusammenfassung-1.jpg\" sizes=\"auto, (max-width: 513px) 100vw, 513px\" srcset=\"http:\/\/www.stadtchorgmunden.at\/wp-content\/uploads\/2023\/03\/Zusammenfassung-1.jpg 1505w, http:\/\/www.stadtchorgmunden.at\/wp-content\/uploads\/2023\/03\/Zusammenfassung-1-300x62.jpg 300w, http:\/\/www.stadtchorgmunden.at\/wp-content\/uploads\/2023\/03\/Zusammenfassung-1-1024x212.jpg 1024w, http:\/\/www.stadtchorgmunden.at\/wp-content\/uploads\/2023\/03\/Zusammenfassung-1-768x159.jpg 768w\" alt=\"\" width=\"513\" height=\"106\" \/><\/a><\/p>\n<h2><strong>30.3.2025, Stadtpfarrkirche Gmunden: Liebstatt Sonntag Messe<\/strong><\/h2>\n<h5>Kirchenmusik zur Festmesse des 4. Fastensonntags (Laetare)<\/h5>\n<p><strong>Beginn: 9:30 Uhr <\/strong><br \/>\n<strong>Musik:\u00a0 <\/strong><em>Annette Thoma<\/em> (1886-1974):\u00a0 \u00a0Deutsche Bauernmesse (UA 1933)<br \/>\n<em>Franz Xaver Engelhart<\/em> (1861-1924):\u00a0 \u00a0\u00a0\u00a0\u00a0 Ave Maria\u00a0\u00a0\u00a0\u00a0 Solistin: Irina Iovanel<a href=\"http:\/\/www.stadtchorgmunden.at\/wp-content\/uploads\/2025\/04\/IMG-20250330-WA0012.jpeg\"><img loading=\"lazy\" decoding=\"async\" class=\"wp-image-1519 alignright\" src=\"http:\/\/www.stadtchorgmunden.at\/wp-content\/uploads\/2025\/04\/IMG-20250330-WA0012-277x300.jpeg\" alt=\"\" width=\"163\" height=\"177\" srcset=\"http:\/\/www.stadtchorgmunden.at\/wp-content\/uploads\/2025\/04\/IMG-20250330-WA0012-277x300.jpeg 277w, http:\/\/www.stadtchorgmunden.at\/wp-content\/uploads\/2025\/04\/IMG-20250330-WA0012-945x1024.jpeg 945w, http:\/\/www.stadtchorgmunden.at\/wp-content\/uploads\/2025\/04\/IMG-20250330-WA0012-768x832.jpeg 768w, http:\/\/www.stadtchorgmunden.at\/wp-content\/uploads\/2025\/04\/IMG-20250330-WA0012-1418x1536.jpeg 1418w, http:\/\/www.stadtchorgmunden.at\/wp-content\/uploads\/2025\/04\/IMG-20250330-WA0012-1890x2048.jpeg 1890w\" sizes=\"auto, (max-width: 163px) 100vw, 163px\" \/><\/a><br \/>\nWerke f\u00fcr Harmonika, Gitarre und Geige<\/p>\n<p><strong>Ausf\u00fchrende: <\/strong>STADTCHOR GMUNDEN und<br \/>\nPLAUDER TRIO:<br \/>\nGeige-Margot Sturm, Gitarre- Max Steinkogler, Steirische Harmonika- Helmut Furlan<\/p>\n<p>GESAMTLEITUNG:\u00a0\u00a0\u00a0\u00a0\u00a0\u00a0\u00a0\u00a0\u00a0\u00a0\u00a0\u00a0\u00a0\u00a0\u00a0\u00a0\u00a0\u00a0\u00a0\u00a0\u00a0\u00a0\u00a0\u00a0\u00a0\u00a0\u00a0 Gertraud Steinkogler-Wurzinger<\/p>\n<p>Danke an die Firma Grellinger f\u00fcr unser eigenes Liebstatt Herz.<\/p>\n<p>&nbsp;<\/p>\n<hr \/>\n<h4><strong>07.02.2025, 18:00\u00a0\u00a0<\/strong> Salzburg, Mirabellplatz 1,\u00a0 im Solit\u00e4r<\/h4>\n<h4><strong><span style=\"color: #0000ff;\">SCIVIAS- Man sieht nur mit dem Herzen gut<\/span><\/strong><\/h4>\n<p><a href=\"http:\/\/www.stadtchorgmunden.at\/wp-content\/uploads\/2025\/01\/image-7.02.2025-Benefizkonzert.png\"><img loading=\"lazy\" decoding=\"async\" class=\"alignnone size-medium wp-image-1475\" src=\"http:\/\/www.stadtchorgmunden.at\/wp-content\/uploads\/2025\/01\/image-7.02.2025-Benefizkonzert-300x213.png\" alt=\"\" width=\"300\" height=\"213\" srcset=\"http:\/\/www.stadtchorgmunden.at\/wp-content\/uploads\/2025\/01\/image-7.02.2025-Benefizkonzert-300x213.png 300w, http:\/\/www.stadtchorgmunden.at\/wp-content\/uploads\/2025\/01\/image-7.02.2025-Benefizkonzert-768x546.png 768w, http:\/\/www.stadtchorgmunden.at\/wp-content\/uploads\/2025\/01\/image-7.02.2025-Benefizkonzert.png 771w\" sizes=\"auto, (max-width: 300px) 100vw, 300px\" \/><\/a><\/p>\n<p>Im ersten Teil des Konzertes erz\u00e4hlen und singen wir frei nach Oscar Wilde\u2019s M\u00e4rchen:\u201e der gl\u00fcckliche<br \/>\nPrinz\u201c.Inhaltlich zwingend beenden wir diesen 1. Teil mit der Vertonung des ber\u00fchmten Zitates aus \u201eDer<br \/>\nKleine Prinz\u201c von Antoine de Saint-Exupery. (Beide Dichter haben heuer ein Gedenkjahr)<br \/>\nDem Benefizkonzert f\u00fcr das Kinderspital angemessen stellen wir das Thema \u201eMusik und Heilung\u201c ins Zentrum des 2. Teiles des Konzertes. Wir h\u00f6ren Musik der Hildegard von Bingen und Gedanken diverser Autorinnen und Autoren zur Heilung mit Kl\u00e4ngen, die Musik der Sph\u00e4ren und zur Musikphilosophie.<br \/>\nDer 3.Teil geh\u00f6rt dem Komponisten Mario Castelnuovo Tedesco mit dem Zyklus \u201c Romancero Gitano\u201c f\u00fcr Chor und Gitarre nach Texten von Garcia Lorca<\/p>\n<div class=\"MuiTypography-root MuiTypography-body1\">\n<div>\n<ul>\n<li>Benefizkonzert f\u00fcr das Kinderspital<\/li>\n<li>verschobenes SKGT24 Projekt<\/li>\n<li>Chor, Soli, Cello, Gitarre; Texte<\/li>\n<li>Musik von Hildegard v. Bingen, A.Bruckner, Mario Castelnuovo-Tedesco, u.a.<\/li>\n<li>Texte von O.Wilde, Hildegard, J.Kepler, Th.Bernhard, L.Wittgenstein<\/li>\n<li>Konzept und k\u00fcnstlerische Gesamtleitung: Gertraud Steinkogler-Wurzinger<\/li>\n<li>Projektleitung : Maria Ledesma<\/li>\n<\/ul>\n<\/div>\n<\/div>\n<h4><strong>21.12.2024, 17:00: Eggerhaus, Altm\u00fcnster: Singen zur Wintersonnenwende<\/strong><\/h4>\n<hr \/>\n<h4><strong>7.12.2024, 17:00:\u00a0 Atelier am Markt, Gmunden : <\/strong><strong>Kleines Adventsingen<\/strong><\/h4>\n<hr \/>\n<p style=\"margin: 0in; font-family: Arial; font-size: 13.5pt; color: #222222;\">24.11.2024\u00a0 CHORWEIHNACHT BAD ISCHL<\/p>\n<div style=\"width: 848px;\" class=\"wp-video\"><video class=\"wp-video-shortcode\" id=\"video-18-2\" width=\"848\" height=\"478\" preload=\"metadata\" controls=\"controls\"><source type=\"video\/mp4\" src=\"http:\/\/www.stadtchorgmunden.at\/wp-content\/uploads\/2024\/11\/In-dulci-Jubilo.mp4?_=2\" \/><a href=\"http:\/\/www.stadtchorgmunden.at\/wp-content\/uploads\/2024\/11\/In-dulci-Jubilo.mp4\">http:\/\/www.stadtchorgmunden.at\/wp-content\/uploads\/2024\/11\/In-dulci-Jubilo.mp4<\/a><\/video><\/div>\n<hr \/>\n<h1><span style=\"color: #0000ff;\">29.09.2024 Der gesungene Horizont Offensee 15:00<\/span><\/h1>\n<p>Notenlinien in das Bergpanorama gesetzt<\/p>\n<p><a href=\"http:\/\/www.stadtchorgmunden.at\/wp-content\/uploads\/2024\/10\/1000017326.jpg\"><img loading=\"lazy\" decoding=\"async\" class=\"alignnone size-medium wp-image-1420\" src=\"http:\/\/www.stadtchorgmunden.at\/wp-content\/uploads\/2024\/10\/1000017326-300x300.jpg\" sizes=\"auto, (max-width: 300px) 100vw, 300px\" srcset=\"http:\/\/www.stadtchorgmunden.at\/wp-content\/uploads\/2024\/10\/1000017326-300x300.jpg 300w, http:\/\/www.stadtchorgmunden.at\/wp-content\/uploads\/2024\/10\/1000017326-1024x1024.jpg 1024w, http:\/\/www.stadtchorgmunden.at\/wp-content\/uploads\/2024\/10\/1000017326-150x150.jpg 150w, http:\/\/www.stadtchorgmunden.at\/wp-content\/uploads\/2024\/10\/1000017326-768x768.jpg 768w, http:\/\/www.stadtchorgmunden.at\/wp-content\/uploads\/2024\/10\/1000017326-1536x1536.jpg 1536w, http:\/\/www.stadtchorgmunden.at\/wp-content\/uploads\/2024\/10\/1000017326.jpg 1600w\" alt=\"\" width=\"300\" height=\"300\" \/><\/a><a href=\"http:\/\/www.stadtchorgmunden.at\/wp-content\/uploads\/2024\/10\/IMG-20240929-WA0006.jpg\"><img loading=\"lazy\" decoding=\"async\" class=\"alignnone size-medium wp-image-1422\" src=\"http:\/\/www.stadtchorgmunden.at\/wp-content\/uploads\/2024\/10\/IMG-20240929-WA0006-225x300.jpg\" sizes=\"auto, (max-width: 225px) 100vw, 225px\" srcset=\"http:\/\/www.stadtchorgmunden.at\/wp-content\/uploads\/2024\/10\/IMG-20240929-WA0006-225x300.jpg 225w, http:\/\/www.stadtchorgmunden.at\/wp-content\/uploads\/2024\/10\/IMG-20240929-WA0006-768x1024.jpg 768w, http:\/\/www.stadtchorgmunden.at\/wp-content\/uploads\/2024\/10\/IMG-20240929-WA0006-1152x1536.jpg 1152w, http:\/\/www.stadtchorgmunden.at\/wp-content\/uploads\/2024\/10\/IMG-20240929-WA0006.jpg 1200w\" alt=\"\" width=\"225\" height=\"300\" \/><\/a><a href=\"http:\/\/www.stadtchorgmunden.at\/wp-content\/uploads\/2024\/10\/1000017281-scaled.jpg\"><img loading=\"lazy\" decoding=\"async\" class=\"alignnone size-medium wp-image-1423\" src=\"http:\/\/www.stadtchorgmunden.at\/wp-content\/uploads\/2024\/10\/1000017281-225x300.jpg\" sizes=\"auto, (max-width: 225px) 100vw, 225px\" srcset=\"http:\/\/www.stadtchorgmunden.at\/wp-content\/uploads\/2024\/10\/1000017281-225x300.jpg 225w, http:\/\/www.stadtchorgmunden.at\/wp-content\/uploads\/2024\/10\/1000017281-768x1024.jpg 768w, http:\/\/www.stadtchorgmunden.at\/wp-content\/uploads\/2024\/10\/1000017281-1152x1536.jpg 1152w, http:\/\/www.stadtchorgmunden.at\/wp-content\/uploads\/2024\/10\/1000017281-1536x2048.jpg 1536w, http:\/\/www.stadtchorgmunden.at\/wp-content\/uploads\/2024\/10\/1000017281-scaled.jpg 1920w\" alt=\"\" width=\"225\" height=\"300\" \/><\/a><a href=\"http:\/\/www.stadtchorgmunden.at\/wp-content\/uploads\/2024\/10\/Horizontchor-scaled.jpg\"><img loading=\"lazy\" decoding=\"async\" class=\"alignnone size-medium wp-image-1437\" src=\"http:\/\/www.stadtchorgmunden.at\/wp-content\/uploads\/2024\/10\/Horizontchor-300x145.jpg\" alt=\"\" width=\"300\" height=\"145\" srcset=\"http:\/\/www.stadtchorgmunden.at\/wp-content\/uploads\/2024\/10\/Horizontchor-300x145.jpg 300w, http:\/\/www.stadtchorgmunden.at\/wp-content\/uploads\/2024\/10\/Horizontchor-1024x495.jpg 1024w, http:\/\/www.stadtchorgmunden.at\/wp-content\/uploads\/2024\/10\/Horizontchor-768x371.jpg 768w, http:\/\/www.stadtchorgmunden.at\/wp-content\/uploads\/2024\/10\/Horizontchor-1536x742.jpg 1536w, http:\/\/www.stadtchorgmunden.at\/wp-content\/uploads\/2024\/10\/Horizontchor-2048x989.jpg 2048w\" sizes=\"auto, (max-width: 300px) 100vw, 300px\" \/><\/a><\/p>\n<p>Die Abordnung des Stadtchores Gmunden auf der \u201eFestwiese\u201c, beim im Offensee gespiegelten Gebirgshorizont trichtersingend\u2026\u2026.Ein interessantes Chorereignis mit Publikumsbeteiligung.<br \/>\nDem Himmel sei Dank f\u00fcr das sch\u00f6ne Wetter<\/p>\n<hr \/>\n<h2><strong>1.06.2024\u00a0 <a href=\"https:\/\/www.kuf.at\/kultur\/detail.html?k=2897\">Bruckner Roas<\/a><\/strong><\/h2>\n<p><b>Zu Ehren des 200. Geburtstages von Anton Bruckner wird die gesamte Stadt V\u00f6cklabruck Schauplatz f\u00fcr ein buntes Fest \u2013 dem V\u00f6cklaBRUCKNERfest!<\/b><\/p>\n<p><b> &gt; Samstag, 1.6.2024: BRUCKNERroas<br \/>\n<\/b><\/p>\n<p><a href=\"http:\/\/www.stadtchorgmunden.at\/wp-content\/uploads\/2024\/05\/unnamed.jpg\"><img loading=\"lazy\" decoding=\"async\" class=\"alignnone size-full wp-image-1372\" src=\"http:\/\/www.stadtchorgmunden.at\/wp-content\/uploads\/2024\/05\/unnamed.jpg\" alt=\"\" width=\"292\" height=\"97\" \/><\/a><\/p>\n<p class=\"colored\"><b>15.00 &#8211; 16.30 Uhr<br \/>\nMaria Sch\u00f6ndorf<\/b><\/p>\n<ul>\n<li>\u201eHimmlisches Finale\u201c in der Kirche Maria Sch\u00f6ndorf mit dem Stadtchor Liedertafel V\u00f6cklabruck und dem Stadtchor Gmunden, Orgelmusik und Andyman (Andreas Haidecker und Andreas Kurz)<\/li>\n<li>Motetten, Ausz\u00fcge aus der &#8222;Windhaager Messe&#8220;; aus: Bruc(k)hst\u00fccke f\u00fcr Chor von Gertraud Steinkogler-Wurzinger; Choral von Hildegard von Bingen<\/li>\n<\/ul>\n<hr \/>\n<h1><span style=\"color: #0000ff;\">19.05.2024\u00a0 Pfingsthochamt Stadtpfarrkirche Gmunden\u00a0\u00a0\u00a0 und 20.06.2024 Stadtpfarrkirche Salzburg Taxham<br \/>\n<\/span><\/h1>\n<p><a href=\"http:\/\/www.stadtchorgmunden.at\/wp-content\/uploads\/2024\/04\/fotolia_145584909_taube.jpg\"><img loading=\"lazy\" decoding=\"async\" class=\"alignnone size-medium wp-image-1347\" src=\"http:\/\/www.stadtchorgmunden.at\/wp-content\/uploads\/2024\/04\/fotolia_145584909_taube-300x131.jpg\" sizes=\"auto, (max-width: 300px) 100vw, 300px\" srcset=\"http:\/\/www.stadtchorgmunden.at\/wp-content\/uploads\/2024\/04\/fotolia_145584909_taube-300x131.jpg 300w, http:\/\/www.stadtchorgmunden.at\/wp-content\/uploads\/2024\/04\/fotolia_145584909_taube-1024x448.jpg 1024w, http:\/\/www.stadtchorgmunden.at\/wp-content\/uploads\/2024\/04\/fotolia_145584909_taube-768x336.jpg 768w, http:\/\/www.stadtchorgmunden.at\/wp-content\/uploads\/2024\/04\/fotolia_145584909_taube-1536x673.jpg 1536w, http:\/\/www.stadtchorgmunden.at\/wp-content\/uploads\/2024\/04\/fotolia_145584909_taube.jpg 1900w\" alt=\"\" width=\"300\" height=\"131\" \/><\/a><\/p>\n<p><strong>Beginn: 9:30 Uhr<\/strong><br \/>\n<strong>Musik: <\/strong><em>Anton Bruckner: <\/em>Messe in C \u2013 Windhaager Messe<br \/>\n(Bearbeitung Kajetan Schmiedinger\/Joseph Messner)<em><br \/>\nAnton Bruckner:<\/em> Locus Iste<br \/>\n<em>Gregorianischer Choral<\/em>: Veni creator spiritus<\/p>\n<p><strong>Ausf\u00fchrende:<\/strong><br \/>\nStadtchor Gmunden und Belcantochor Salzburg<br \/>\nAn der Orgel: Marcel Yorgovsky<br \/>\nGesamtleitung: Gertraud Steinkogler-Wurzinger<\/p>\n<p><a href=\"https:\/\/static.diariofemenino.com\/media\/97232\/significado-sonar-querer-atrapar-pajaro.jpg\">Bild credits<\/a><\/p>\n<hr \/>\n<h1><span style=\"color: #0000ff;\">10.3.2024\u00a0 Liebstattsonntag Stadtpfarrkirche Gmunden<\/span><\/h1>\n<h5>Kirchenmusik zur Festmesse des 4. Fastensonntags (Laetare)<\/h5>\n<p><a href=\"https:\/\/www.salzi.at\/2023\/03\/live-uebertragung-der-bauernmesse-zum-liebstattsonntag-aus-der-stadtpfarrkirche-gmunden\/#respond\"><img loading=\"lazy\" decoding=\"async\" class=\"alignnone wp-image-1186\" src=\"http:\/\/www.stadtchorgmunden.at\/wp-content\/uploads\/2023\/03\/Bauernmesse-link-300x143.jpg\" sizes=\"auto, (max-width: 338px) 100vw, 338px\" srcset=\"http:\/\/www.stadtchorgmunden.at\/wp-content\/uploads\/2023\/03\/Bauernmesse-link-300x143.jpg 300w, http:\/\/www.stadtchorgmunden.at\/wp-content\/uploads\/2023\/03\/Bauernmesse-link-1024x488.jpg 1024w, http:\/\/www.stadtchorgmunden.at\/wp-content\/uploads\/2023\/03\/Bauernmesse-link-768x366.jpg 768w, http:\/\/www.stadtchorgmunden.at\/wp-content\/uploads\/2023\/03\/Bauernmesse-link-1536x731.jpg 1536w, http:\/\/www.stadtchorgmunden.at\/wp-content\/uploads\/2023\/03\/Bauernmesse-link-2048x975.jpg 2048w\" alt=\"\" width=\"338\" height=\"161\" \/><\/a><\/p>\n<p><strong>Beginn: 9:30 Uhr <\/strong><br \/>\n<strong>Musik:\u00a0 <\/strong><em>Annette Thoma<\/em> (1886-1974):\u00a0 \u00a0Deutsche Bauernmesse (UA 1933)<br \/>\n<em>Franz Xaver Engelhart<\/em> (1861-1924):\u00a0 \u00a0\u00a0\u00a0\u00a0 Ave Maria<br \/>\n<em>Herbert Pixner, Anton Gmachl jun<\/em>. u.a:\u00a0\u00a0 Werke f\u00fcr Harmonika und Gitarre<\/p>\n<p><strong>Ausf\u00fchrende: <\/strong>STADTCHOR GMUNDEN<br \/>\nSopran Solo:\u00a0 \u00a0\u00a0\u00a0\u00a0\u00a0\u00a0\u00a0\u00a0\u00a0\u00a0\u00a0\u00a0\u00a0\u00a0\u00a0\u00a0\u00a0\u00a0\u00a0\u00a0\u00a0\u00a0\u00a0\u00a0\u00a0\u00a0\u00a0\u00a0\u00a0\u00a0\u00a0\u00a0\u00a0\u00a0\u00a0\u00a0 Christine Hamminger \u2013 Gritzky<br \/>\nKNOPFSAITENKNOPF Ensemble: \u00a0\u00a0 Jakob Ahammer \u2013 steirische Harmonika<br \/>\nEva Maria Ahammer- Gitarre<br \/>\nGESAMTLEITUNG:\u00a0\u00a0\u00a0\u00a0\u00a0\u00a0\u00a0\u00a0\u00a0\u00a0\u00a0\u00a0\u00a0\u00a0\u00a0\u00a0\u00a0\u00a0\u00a0\u00a0\u00a0\u00a0\u00a0\u00a0\u00a0\u00a0\u00a0 Gertraud Steinkogler-Wurzinger<\/p>\n<p><em>Die Dichterin und Brauchtumspflegerin Annette Thoma\u00a0 <\/em>nahm als Grundlage f\u00fcr ihre Messe \u201ealte Lieder und Weisen aus dem bayerisch-\u00f6sterreichischen Alpenland\u201c und unterlegte sie mit den entsprechenden liturgischen Texten.\u00a0 Kernst\u00fcck der Messe ist der bekannte <i>Andachtsjodler,<\/i> der 1830 in\u00a0 Sterzing\u00a0 aufgezeichnet wurde.<br \/>\nDie Messe wurde original f\u00fcr\u00a0 Dreigesang und\u00a0 Stubenmusik gesetzt, der Stadtchor singt eine vierstimmige Version von <em>Jochen Langer.<\/em><br \/>\nMit dem \u201eAve Maria\u201c\u00a0des Priesters und <em>Regensburger Domkapellmeisters Franz Xaver Engelhart \u00a0<\/em>wird zus\u00e4tzlich ein Werk aufgef\u00fchrt, dessen Komponist im Gr\u00fcndungsjahr des Stadtchores Gmunden geboren wurde.<br \/>\nMehr zur Geschichte von Liebstatt finden Sie auf der Homepage des Tourismusverbandes<\/p>\n<p><a href=\"https:\/\/www.salzkammergutkultur.at\/brauchtum\/liebstattsonntag.html\">https:\/\/www.salzkammergutkultur.at\/brauchtum\/liebstattsonntag.html<\/a><\/p>\n<p><strong>10:30 Uhr Festzug mit Werkskapelle Laufen Gmunden-Engelhof und Trachtenverein<\/strong><br \/>\nvom Kirchenplatz durch die Altstadt zum Rathausplatz<\/p>\n<p><a href=\"http:\/\/www.stadtchorgmunden.at\/wp-content\/uploads\/2023\/03\/Zusammenfassung-1.jpg\"><img loading=\"lazy\" decoding=\"async\" class=\"alignnone wp-image-1196\" src=\"http:\/\/www.stadtchorgmunden.at\/wp-content\/uploads\/2023\/03\/Zusammenfassung-1.jpg\" sizes=\"auto, (max-width: 513px) 100vw, 513px\" srcset=\"http:\/\/www.stadtchorgmunden.at\/wp-content\/uploads\/2023\/03\/Zusammenfassung-1.jpg 1505w, http:\/\/www.stadtchorgmunden.at\/wp-content\/uploads\/2023\/03\/Zusammenfassung-1-300x62.jpg 300w, http:\/\/www.stadtchorgmunden.at\/wp-content\/uploads\/2023\/03\/Zusammenfassung-1-1024x212.jpg 1024w, http:\/\/www.stadtchorgmunden.at\/wp-content\/uploads\/2023\/03\/Zusammenfassung-1-768x159.jpg 768w\" alt=\"\" width=\"513\" height=\"106\" \/><\/a><\/p>\n<p>siehe auch unsere <a href=\"https:\/\/www.facebook.com\/groups\/872638757793901\">Facebookseite<\/a><\/p>\n<h2><span style=\"color: #3366ff;\">3.2.2024, 18:30 Uhr \u00a0 Darstellung des Herrn- Maria Lichtme\u00df in Ebensee<\/span><\/h2>\n<p>18:30\u00a0 Kath. Pfarrkirche, Kirchengasse 3, 4802 Ebensee<br \/>\nDer Stadtchor Gmunden besucht den Kirchenchor in Ebensee im Rahmen eines Kulturhauptstadtprojektes der Di\u00f6zese . Er gestaltet gemeinsam die Messe, bei der auch die Krippe in der Pfarrkirche verabschiedet und der Blasiussegen gespendet wird.<br \/>\nDer Stadtchor bringt Musik von Hildegard v. Bingen, Pal\u00e4strina, einen Frauendreigesang, ein Spiritual und das altslawische Vater Unser mit.<\/p>\n<p><a href=\"http:\/\/www.stadtchorgmunden.at\/wp-content\/uploads\/2024\/01\/1671117674.0153-krippe-in-der-pfarrkirche-ebensee-Ya4mqw.jpg\"><img loading=\"lazy\" decoding=\"async\" class=\"size-medium wp-image-1314 alignnone\" src=\"http:\/\/www.stadtchorgmunden.at\/wp-content\/uploads\/2024\/01\/1671117674.0153-krippe-in-der-pfarrkirche-ebensee-Ya4mqw-300x201.jpg\" sizes=\"auto, (max-width: 300px) 100vw, 300px\" srcset=\"http:\/\/www.stadtchorgmunden.at\/wp-content\/uploads\/2024\/01\/1671117674.0153-krippe-in-der-pfarrkirche-ebensee-Ya4mqw-300x201.jpg 300w, http:\/\/www.stadtchorgmunden.at\/wp-content\/uploads\/2024\/01\/1671117674.0153-krippe-in-der-pfarrkirche-ebensee-Ya4mqw-768x515.jpg 768w, http:\/\/www.stadtchorgmunden.at\/wp-content\/uploads\/2024\/01\/1671117674.0153-krippe-in-der-pfarrkirche-ebensee-Ya4mqw.jpg 800w\" alt=\"\" width=\"300\" height=\"201\" \/><\/a><\/p>\n<p><!--more--><\/p>\n<p><strong>Zum Einzug<\/strong><br \/>\n<strong>Uyingcwele Bapa:<\/strong>\u00a0You are holy my Lord,\u00a0 Hear me singing\u00a0 \u00a0 \u00a0 \u00a0 Spiritual (Satz:\u00a0W.Maierhofer)<br \/>\n<strong>Abschied\u00a0von der Krippe<\/strong><br \/>\n<strong>Sie tragt a harwas Gwandl\u00a0<\/strong>\u00a0\u00a0 Frauen Dreigesang (Satz: Kathi Greinsberger)<br \/>\nalternativ: Greg. Choral Ave Maris Stella<br \/>\n<strong>Zwischengesang <\/strong><br \/>\n<strong>Dio del Cielo<\/strong>\u00a0 (G. de Marzi)<br \/>\n<strong>zum Halleluja:\u00a0<\/strong><br \/>\n<strong>Der 150.Psalm\u00a0<\/strong>\u00a0\u00a0ostkirchlich (Satz: Kubizek)<br \/>\n<strong>zum Vaterunser<\/strong><br \/>\n<strong>Altslawisches Vater Unser<\/strong>\u00a0 (Satz: Nikolay Nikolayevich Kedrov)<br \/>\n<strong>zum Agnus Dei<\/strong><br \/>\n<strong>Let us break bread together<\/strong><br \/>\n<strong>Kommunion<\/strong><br \/>\n<strong>Jesus Rex admirabilis<\/strong>\u00a0 \u00a0 \u00a0(Palaestrina)<br \/>\n<strong>O antiqui Sancti\u00a0 \u00a0 \u00a0 \u00a0 \u00a0 \u00a0 \u00a0<\/strong>\u00a0(Hildegard v. Bingen)<br \/>\nFoto H\u00f6rmandinger<\/p>\n<h2>2<span style=\"color: #0000ff;\">0.1.2024\u00a0 Er\u00f6ffnung Kulturhauptstadt Salzkammergut 2024 17:00\u00a0 Kurpark Bad Ischl<\/span><\/h2>\n<p><a href=\"https:\/\/www.facebook.com\/gertraud.steinkoglerwurzinge\/posts\/pfbid0jpPrjHWv4bNVGH1dwJvVjXrMb861EoSorF9aR67JkiTJrZJ8utGu9qsUREcq767dl\">Details<\/a><\/p>\n<h5><a href=\"http:\/\/www.stadtchorgmunden.at\/wp-content\/uploads\/2024\/01\/IMG-20240121-WA0003.jpg\"><img loading=\"lazy\" decoding=\"async\" class=\"alignnone wp-image-1316\" src=\"http:\/\/www.stadtchorgmunden.at\/wp-content\/uploads\/2024\/01\/IMG-20240121-WA0003-226x300.jpg\" alt=\"\" width=\"220\" height=\"292\" srcset=\"http:\/\/www.stadtchorgmunden.at\/wp-content\/uploads\/2024\/01\/IMG-20240121-WA0003-226x300.jpg 226w, http:\/\/www.stadtchorgmunden.at\/wp-content\/uploads\/2024\/01\/IMG-20240121-WA0003-771x1024.jpg 771w, http:\/\/www.stadtchorgmunden.at\/wp-content\/uploads\/2024\/01\/IMG-20240121-WA0003-768x1021.jpg 768w, http:\/\/www.stadtchorgmunden.at\/wp-content\/uploads\/2024\/01\/IMG-20240121-WA0003-1156x1536.jpg 1156w, http:\/\/www.stadtchorgmunden.at\/wp-content\/uploads\/2024\/01\/IMG-20240121-WA0003.jpg 1204w\" sizes=\"auto, (max-width: 220px) 100vw, 220px\" \/><\/a> <a href=\"http:\/\/www.stadtchorgmunden.at\/wp-content\/uploads\/2024\/01\/IMG-20240120-WA0000.jpg\"><img loading=\"lazy\" decoding=\"async\" class=\"alignnone wp-image-1317\" src=\"http:\/\/www.stadtchorgmunden.at\/wp-content\/uploads\/2024\/01\/IMG-20240120-WA0000-300x225.jpg\" alt=\"\" width=\"376\" height=\"282\" srcset=\"http:\/\/www.stadtchorgmunden.at\/wp-content\/uploads\/2024\/01\/IMG-20240120-WA0000-300x225.jpg 300w, http:\/\/www.stadtchorgmunden.at\/wp-content\/uploads\/2024\/01\/IMG-20240120-WA0000-768x576.jpg 768w, http:\/\/www.stadtchorgmunden.at\/wp-content\/uploads\/2024\/01\/IMG-20240120-WA0000.jpg 1024w\" sizes=\"auto, (max-width: 376px) 100vw, 376px\" \/><\/a><\/h5>\n<h5><a href=\"http:\/\/www.stadtchorgmunden.at\/wp-content\/uploads\/2024\/01\/IMG-20240120-WA0009.jpg\"><img loading=\"lazy\" decoding=\"async\" class=\"alignnone size-medium wp-image-1318\" src=\"http:\/\/www.stadtchorgmunden.at\/wp-content\/uploads\/2024\/01\/IMG-20240120-WA0009-300x225.jpg\" alt=\"\" width=\"300\" height=\"225\" srcset=\"http:\/\/www.stadtchorgmunden.at\/wp-content\/uploads\/2024\/01\/IMG-20240120-WA0009-300x225.jpg 300w, http:\/\/www.stadtchorgmunden.at\/wp-content\/uploads\/2024\/01\/IMG-20240120-WA0009-1024x768.jpg 1024w, http:\/\/www.stadtchorgmunden.at\/wp-content\/uploads\/2024\/01\/IMG-20240120-WA0009-768x576.jpg 768w, http:\/\/www.stadtchorgmunden.at\/wp-content\/uploads\/2024\/01\/IMG-20240120-WA0009-1536x1153.jpg 1536w, http:\/\/www.stadtchorgmunden.at\/wp-content\/uploads\/2024\/01\/IMG-20240120-WA0009.jpg 1599w\" sizes=\"auto, (max-width: 300px) 100vw, 300px\" \/><\/a> <a href=\"http:\/\/www.stadtchorgmunden.at\/wp-content\/uploads\/2024\/01\/IMG-20240120-WA0001.jpg\"><img loading=\"lazy\" decoding=\"async\" class=\"alignnone size-medium wp-image-1319\" src=\"http:\/\/www.stadtchorgmunden.at\/wp-content\/uploads\/2024\/01\/IMG-20240120-WA0001-300x225.jpg\" alt=\"\" width=\"300\" height=\"225\" srcset=\"http:\/\/www.stadtchorgmunden.at\/wp-content\/uploads\/2024\/01\/IMG-20240120-WA0001-300x225.jpg 300w, http:\/\/www.stadtchorgmunden.at\/wp-content\/uploads\/2024\/01\/IMG-20240120-WA0001-768x576.jpg 768w, http:\/\/www.stadtchorgmunden.at\/wp-content\/uploads\/2024\/01\/IMG-20240120-WA0001.jpg 1024w\" sizes=\"auto, (max-width: 300px) 100vw, 300px\" \/><\/a><\/h5>\n<hr \/>\n<h2><span style=\"color: #0000ff;\"><strong>Salzburg, 15.12. 2023,19:00:\u00a0 <\/strong>Stadtpfarrkirche Salzburg Taxham<\/span><\/h2>\n<h5>Weihnachtsoper: Amahl and the Night Visitors (von Carlo Menotti)<\/h5>\n<h5>Details <a href=\"https:\/\/gstw.art\/index.php\/de\/21-aktuelles\/84-15-und-17-dezember-2023-weihnachtsoper\">hier<\/a><\/h5>\n<hr \/>\n<h2><span style=\"color: #0000ff;\">Gmunden, Samstag, 30. September 2023: 17:00- 21:00 Uhr<\/span><\/h2>\n<h5><a href=\"http:\/\/www.stadtchorgmunden.at\/wp-content\/uploads\/2023\/07\/s8j2g833.png\"><img loading=\"lazy\" decoding=\"async\" class=\"wp-image-1250 alignright\" src=\"http:\/\/www.stadtchorgmunden.at\/wp-content\/uploads\/2023\/07\/s8j2g833-168x300.png\" sizes=\"auto, (max-width: 168px) 100vw, 168px\" srcset=\"http:\/\/www.stadtchorgmunden.at\/wp-content\/uploads\/2023\/07\/s8j2g833-168x300.png 168w, http:\/\/www.stadtchorgmunden.at\/wp-content\/uploads\/2023\/07\/s8j2g833.png 336w\" alt=\"\" width=\"153\" height=\"273\" \/><\/a><strong>StadtChorMotiv <\/strong>eine musikalische Spurensuche durch das historische Gmunden mit dem Stadtchor Gmunden und G\u00e4sten in Anlehnung an die Publikationen der \u201eGesellschaft der Freunde der Stadt Gmunden\u201c, gegr. 1961<\/h5>\n<p>Musik und Literatur zu diversen Kapiteln der Stadtgeschichte, ausgew\u00e4hlt von: Gertraud Steinkogler-Wurzinger<br \/>\n<em>Musik<\/em> (Auswahl) von: Brahms, Pep\u00f6ck, Schubert, Gershwin, Mayerhofer, Benatzky, Volkslieder-auch zum Mitmachen<br \/>\n<em>Texte <\/em>(Auswahl) von: Bernhard, Fischer, Vesco, Schubert, u.a.<br \/>\nZu den historischen Denkm\u00e4lern spricht: <em>August Mayer<\/em>, Obmann des Musealvereines Gmunden<\/p>\n<p><a href=\"http:\/\/www.stadtchorgmunden.at\/wp-content\/uploads\/2023\/04\/DSC_0458-bearb-scaled.jpg\"><img loading=\"lazy\" decoding=\"async\" class=\"alignnone wp-image-1221\" src=\"http:\/\/www.stadtchorgmunden.at\/wp-content\/uploads\/2023\/04\/DSC_0458-bearb-300x168.jpg\" sizes=\"auto, (max-width: 300px) 100vw, 300px\" srcset=\"http:\/\/www.stadtchorgmunden.at\/wp-content\/uploads\/2023\/04\/DSC_0458-bearb-300x168.jpg 300w, http:\/\/www.stadtchorgmunden.at\/wp-content\/uploads\/2023\/04\/DSC_0458-bearb-1024x573.jpg 1024w, http:\/\/www.stadtchorgmunden.at\/wp-content\/uploads\/2023\/04\/DSC_0458-bearb-768x430.jpg 768w, http:\/\/www.stadtchorgmunden.at\/wp-content\/uploads\/2023\/04\/DSC_0458-bearb-1536x860.jpg 1536w, http:\/\/www.stadtchorgmunden.at\/wp-content\/uploads\/2023\/04\/DSC_0458-bearb-2048x1146.jpg 2048w\" alt=\"\" width=\"386\" height=\"216\" \/><\/a><a href=\"http:\/\/www.stadtchorgmunden.at\/wp-content\/uploads\/2023\/07\/Gmunden2-scaled.jpeg\"><img loading=\"lazy\" decoding=\"async\" class=\" wp-image-1248\" src=\"http:\/\/www.stadtchorgmunden.at\/wp-content\/uploads\/2023\/07\/Gmunden2-300x190.jpeg\" sizes=\"auto, (max-width: 300px) 100vw, 300px\" srcset=\"http:\/\/www.stadtchorgmunden.at\/wp-content\/uploads\/2023\/07\/Gmunden2-300x190.jpeg 300w, http:\/\/www.stadtchorgmunden.at\/wp-content\/uploads\/2023\/07\/Gmunden2-1024x650.jpeg 1024w, http:\/\/www.stadtchorgmunden.at\/wp-content\/uploads\/2023\/07\/Gmunden2-768x487.jpeg 768w, http:\/\/www.stadtchorgmunden.at\/wp-content\/uploads\/2023\/07\/Gmunden2-1536x975.jpeg 1536w, http:\/\/www.stadtchorgmunden.at\/wp-content\/uploads\/2023\/07\/Gmunden2-2048x1299.jpeg 2048w\" alt=\"\" width=\"344\" height=\"218\" \/><\/a><\/p>\n<p>Rudolf von Alt ; Wien, Belvedere<br \/>\n<strong>Treffpunkt\u00a0 \u00a0 \u00a0 \u00a0 \u00a0 \u00a0 \u00a0<\/strong>Rathaus, Rathausplatz 1:\u00a0 \u00a017:00<br \/>\nSchubertplatz: 17:30<br \/>\nRinnholzplatz: 18:00<br \/>\n<strong>Schlusspunkt\u00a0 \u00a0 \u00a0 \u00a0<\/strong>Kammerhof Museum: 19:30<br \/>\nweitere Details und Anweisungen folgen vor Ort<\/p>\n<p>bei <strong>Schlechtwetter<\/strong>: Konzert ab 17:00 direkt im <strong>Kammerhof Museum,<\/strong> denn:<br \/>\n<em>\u201eWir wollen das Leben nicht \/ aber es mu\u00df gelebt werden \/ Wir hassen das Forellenquintett \/ aber es mu\u00df gespielt werden\u201c. <\/em><\/p>\n<hr \/>\n<h1><span style=\"color: #0000ff;\">10.09.2023\u00a0 Erntedank im Dom zu Salzburg<\/span><\/h1>\n<p>Gemeinsam mit mehreren Ch\u00f6ren des Salzburger Chorverbandes nahm der Stadtchor Gmunden an der Gestaltung der Festmesse teil. Dirigent war Tobias Kremshuber, der auch stimmbildnerisch und als Gasts\u00e4nger bei uns t\u00e4tig ist. <a href=\"http:\/\/www.stadtchorgmunden.at\/wp-content\/uploads\/2023\/09\/IMG-20230910-WA0008.jpg\"><img loading=\"lazy\" decoding=\"async\" class=\"size-medium wp-image-1277 alignleft\" src=\"http:\/\/www.stadtchorgmunden.at\/wp-content\/uploads\/2023\/09\/IMG-20230910-WA0008-300x225.jpg\" alt=\"\" width=\"300\" height=\"225\" srcset=\"http:\/\/www.stadtchorgmunden.at\/wp-content\/uploads\/2023\/09\/IMG-20230910-WA0008-300x225.jpg 300w, http:\/\/www.stadtchorgmunden.at\/wp-content\/uploads\/2023\/09\/IMG-20230910-WA0008-1024x768.jpg 1024w, http:\/\/www.stadtchorgmunden.at\/wp-content\/uploads\/2023\/09\/IMG-20230910-WA0008-768x576.jpg 768w, http:\/\/www.stadtchorgmunden.at\/wp-content\/uploads\/2023\/09\/IMG-20230910-WA0008-1536x1152.jpg 1536w, http:\/\/www.stadtchorgmunden.at\/wp-content\/uploads\/2023\/09\/IMG-20230910-WA0008.jpg 1600w\" sizes=\"auto, (max-width: 300px) 100vw, 300px\" \/><\/a> <a href=\"http:\/\/www.stadtchorgmunden.at\/wp-content\/uploads\/2023\/09\/IMG-20230910-WA0006.jpg\"><img loading=\"lazy\" decoding=\"async\" class=\"alignnone wp-image-1278\" src=\"http:\/\/www.stadtchorgmunden.at\/wp-content\/uploads\/2023\/09\/IMG-20230910-WA0006-300x225.jpg\" alt=\"\" width=\"287\" height=\"215\" srcset=\"http:\/\/www.stadtchorgmunden.at\/wp-content\/uploads\/2023\/09\/IMG-20230910-WA0006-300x225.jpg 300w, http:\/\/www.stadtchorgmunden.at\/wp-content\/uploads\/2023\/09\/IMG-20230910-WA0006-1024x768.jpg 1024w, http:\/\/www.stadtchorgmunden.at\/wp-content\/uploads\/2023\/09\/IMG-20230910-WA0006-768x576.jpg 768w, http:\/\/www.stadtchorgmunden.at\/wp-content\/uploads\/2023\/09\/IMG-20230910-WA0006-1536x1152.jpg 1536w, http:\/\/www.stadtchorgmunden.at\/wp-content\/uploads\/2023\/09\/IMG-20230910-WA0006.jpg 1600w\" sizes=\"auto, (max-width: 287px) 100vw, 287px\" \/><\/a> <a href=\"http:\/\/www.stadtchorgmunden.at\/wp-content\/uploads\/2023\/09\/IMG-20230910-WA0002.jpg\"><img loading=\"lazy\" decoding=\"async\" class=\"size-medium wp-image-1279 alignnone\" src=\"http:\/\/www.stadtchorgmunden.at\/wp-content\/uploads\/2023\/09\/IMG-20230910-WA0002-169x300.jpg\" alt=\"\" width=\"169\" height=\"300\" srcset=\"http:\/\/www.stadtchorgmunden.at\/wp-content\/uploads\/2023\/09\/IMG-20230910-WA0002-169x300.jpg 169w, http:\/\/www.stadtchorgmunden.at\/wp-content\/uploads\/2023\/09\/IMG-20230910-WA0002-576x1024.jpg 576w, http:\/\/www.stadtchorgmunden.at\/wp-content\/uploads\/2023\/09\/IMG-20230910-WA0002-768x1365.jpg 768w, http:\/\/www.stadtchorgmunden.at\/wp-content\/uploads\/2023\/09\/IMG-20230910-WA0002-864x1536.jpg 864w, http:\/\/www.stadtchorgmunden.at\/wp-content\/uploads\/2023\/09\/IMG-20230910-WA0002.jpg 900w\" sizes=\"auto, (max-width: 169px) 100vw, 169px\" \/><\/a><\/p>\n<hr \/>\n<h1><span style=\"color: #0000ff;\">23.06.2023 F\u00e8te de la Musique in der Gmundner Innenstadt<\/span><\/h1>\n<p>Viele verschiedene Gruppen musizierten am Freitag Nachmittag in der Gmundner Innenstadt. Wir waren mit dabei, einmal auf dem Rinnholzplatz und einmal auf dem Museumsplatz, unter\u00a0 anderem mit dem Alpererjodler, dem Schi-Kanon, Edelwei\u00df und einigen anderen Liedern.<\/p>\n<p><a href=\"http:\/\/www.stadtchorgmunden.at\/wp-content\/uploads\/2023\/07\/DSC_1285-scaled.jpg\"><img loading=\"lazy\" decoding=\"async\" class=\"alignnone size-full wp-image-1237\" src=\"http:\/\/www.stadtchorgmunden.at\/wp-content\/uploads\/2023\/07\/DSC_1285-scaled.jpg\" alt=\"\" width=\"2560\" height=\"1508\" srcset=\"http:\/\/www.stadtchorgmunden.at\/wp-content\/uploads\/2023\/07\/DSC_1285-scaled.jpg 2560w, http:\/\/www.stadtchorgmunden.at\/wp-content\/uploads\/2023\/07\/DSC_1285-300x177.jpg 300w, http:\/\/www.stadtchorgmunden.at\/wp-content\/uploads\/2023\/07\/DSC_1285-1024x603.jpg 1024w, http:\/\/www.stadtchorgmunden.at\/wp-content\/uploads\/2023\/07\/DSC_1285-768x452.jpg 768w, http:\/\/www.stadtchorgmunden.at\/wp-content\/uploads\/2023\/07\/DSC_1285-1536x905.jpg 1536w, http:\/\/www.stadtchorgmunden.at\/wp-content\/uploads\/2023\/07\/DSC_1285-2048x1206.jpg 2048w\" sizes=\"auto, (max-width: 2560px) 100vw, 2560px\" \/><\/a><\/p>\n<p><a href=\"http:\/\/www.stadtchorgmunden.at\/wp-content\/uploads\/2023\/07\/DSC_1290-scaled.jpg\"><img loading=\"lazy\" decoding=\"async\" class=\"alignnone size-full wp-image-1238\" src=\"http:\/\/www.stadtchorgmunden.at\/wp-content\/uploads\/2023\/07\/DSC_1290-scaled.jpg\" alt=\"\" width=\"2560\" height=\"1375\" srcset=\"http:\/\/www.stadtchorgmunden.at\/wp-content\/uploads\/2023\/07\/DSC_1290-scaled.jpg 2560w, http:\/\/www.stadtchorgmunden.at\/wp-content\/uploads\/2023\/07\/DSC_1290-300x161.jpg 300w, http:\/\/www.stadtchorgmunden.at\/wp-content\/uploads\/2023\/07\/DSC_1290-1024x550.jpg 1024w, http:\/\/www.stadtchorgmunden.at\/wp-content\/uploads\/2023\/07\/DSC_1290-768x412.jpg 768w, http:\/\/www.stadtchorgmunden.at\/wp-content\/uploads\/2023\/07\/DSC_1290-1536x825.jpg 1536w, http:\/\/www.stadtchorgmunden.at\/wp-content\/uploads\/2023\/07\/DSC_1290-2048x1100.jpg 2048w\" sizes=\"auto, (max-width: 2560px) 100vw, 2560px\" \/><\/a><\/p>\n<h1><\/h1>\n<h2><span style=\"color: #0000ff;\"><strong>02.06.2023\u00a0 \u00a0Lange Nacht der Kirchen<\/strong><\/span><\/h2>\n<p><a href=\"http:\/\/www.stadtchorgmunden.at\/wp-content\/uploads\/2023\/06\/IMG_8813-scaled.jpg\"><img loading=\"lazy\" decoding=\"async\" class=\"alignnone size-full wp-image-1229\" src=\"http:\/\/www.stadtchorgmunden.at\/wp-content\/uploads\/2023\/06\/IMG_8813-scaled.jpg\" alt=\"\" width=\"2560\" height=\"1920\" srcset=\"http:\/\/www.stadtchorgmunden.at\/wp-content\/uploads\/2023\/06\/IMG_8813-scaled.jpg 2560w, http:\/\/www.stadtchorgmunden.at\/wp-content\/uploads\/2023\/06\/IMG_8813-300x225.jpg 300w, http:\/\/www.stadtchorgmunden.at\/wp-content\/uploads\/2023\/06\/IMG_8813-1024x768.jpg 1024w, http:\/\/www.stadtchorgmunden.at\/wp-content\/uploads\/2023\/06\/IMG_8813-768x576.jpg 768w, http:\/\/www.stadtchorgmunden.at\/wp-content\/uploads\/2023\/06\/IMG_8813-1536x1152.jpg 1536w, http:\/\/www.stadtchorgmunden.at\/wp-content\/uploads\/2023\/06\/IMG_8813-2048x1536.jpg 2048w\" sizes=\"auto, (max-width: 2560px) 100vw, 2560px\" \/><\/a><\/p>\n<p>In der \u00e4ltesten Kirche von Gmunden, der Spitals- oder Jakobskirche, f\u00fchrten wir zur Langen Nacht der Kirchen\u00a0 unter d<span style=\"color: #000000;\">em Titel\u00a0 &#8222;Wenn die Propheten einbr\u00e4chen bei Nacht &#8230;&#8230;&#8220; ein Konzert auf mit\u00a0 Chor-, Text- und Solo-Programm, angepasst an die Zeit der Erbauung dieser Kirche.\u00a0 <\/span>Musik: Hildegard von Bingen, J.S. Bach, Leonhard Cohen, Franz Xaver Engelhart, Sofia Gubaidulina, Felix Mendelssohn, M\u00f6nch von Salzburg, Gertraud Steinkogler-Wurzinger, Zolt\u00e1n Kod\u00e1ly. u.a. Texte: Hildegard von Bingen, Nelly Sachs, <span style=\"color: #000000;\">Marie Luise Kaschnitz, Dorothee S\u00f6lle.\u00a0 \u00a0<\/span><span style=\"color: #000000;\">Konzept und Leitung: <\/span><span style=\"color: #0000ff;\"><span style=\"color: #000000;\">Gertraud Steinkogler-Wurzinger,<\/span><br \/>\n<span style=\"color: #000000;\">Cello: Barbara Bade,\u00a0 \u00a0Am Harmonium:\u00a0 Ulrike Rastl.<\/span><br \/>\n<\/span><span style=\"color: #000000;\">Sowohl Texte als auch Musik orientierten sich einerseits am Auff\u00fchrungsort, der 1000 Jahre alten Spitalskirche. Deshalb beginnt das Programm mit gregorianischem Choral &#8211; Musik aus der Entstehungszeit der Jakobskirche.<\/span><br \/>\n<span style=\"color: #000000;\">Die erw\u00e4hnten mittelalterlichen Ges\u00e4nge stammen aus der Feder Hildegard von Bingens, der &#8222;Deutschen Prophetin des Mittelalters&#8220;, wie sie auch genannt wurde.<\/span><br \/>\n<span style=\"color: #000000;\">Die profetische Rede des Berufungserlebnis ist der inhaltliche Schwerpunkt der Text-und Musikauswahl: Neben Hildegard, auf deren Visionen sich die tartarische Komponistin Sofia Gubaidulina bezieht, h\u00f6ren wir etwa auch das titelgebende Gedicht von Nelly Sachs oder eine widerst\u00e4ndige Interpretation des &#8220; Magnifikat&#8220;\u00a0 von Dorothee S\u00f6lle.<\/span><br \/>\n<span style=\"color: #000000;\">Interpretationen \u00fcber Hintergr\u00fcnde und Entstehung zum restaurierten Gem\u00e4lde von Julius Benno H\u00fcbner\u00a0 &#8222;Hannah bringt\u00a0 Samuel zu Eli&#8220;, welches in der Spita\u00f6skirche ausgestellt ist, rundeten das Programm ab.<\/span><\/p>\n<h1 style=\"line-height: 1.38462;\"><span style=\"color: #0000ff;\"><strong>25.3.2023\u00a0 \u00a0Johann Sebastian Bach: Matth\u00e4us-Passion<\/strong><\/span><\/h1>\n<p><a href=\"http:\/\/www.stadtchorgmunden.at\/wp-content\/uploads\/2023\/03\/bach-plakat-002-beschn.jpg\"><img loading=\"lazy\" decoding=\"async\" class=\"alignnone size-full wp-image-1199\" src=\"http:\/\/www.stadtchorgmunden.at\/wp-content\/uploads\/2023\/03\/bach-plakat-002-beschn.jpg\" alt=\"\" width=\"1849\" height=\"2086\" srcset=\"http:\/\/www.stadtchorgmunden.at\/wp-content\/uploads\/2023\/03\/bach-plakat-002-beschn.jpg 1849w, http:\/\/www.stadtchorgmunden.at\/wp-content\/uploads\/2023\/03\/bach-plakat-002-beschn-266x300.jpg 266w, http:\/\/www.stadtchorgmunden.at\/wp-content\/uploads\/2023\/03\/bach-plakat-002-beschn-908x1024.jpg 908w, http:\/\/www.stadtchorgmunden.at\/wp-content\/uploads\/2023\/03\/bach-plakat-002-beschn-768x866.jpg 768w, http:\/\/www.stadtchorgmunden.at\/wp-content\/uploads\/2023\/03\/bach-plakat-002-beschn-1361x1536.jpg 1361w, http:\/\/www.stadtchorgmunden.at\/wp-content\/uploads\/2023\/03\/bach-plakat-002-beschn-1815x2048.jpg 1815w\" sizes=\"auto, (max-width: 1849px) 100vw, 1849px\" \/><\/a><\/p>\n<p><a href=\"http:\/\/www.stadtchorgmunden.at\/wp-content\/uploads\/2023\/03\/Zusammenstellung-2.jpg\"><img loading=\"lazy\" decoding=\"async\" class=\"alignnone size-full wp-image-1198\" src=\"http:\/\/www.stadtchorgmunden.at\/wp-content\/uploads\/2023\/03\/Zusammenstellung-2.jpg\" alt=\"\" width=\"977\" height=\"376\" srcset=\"http:\/\/www.stadtchorgmunden.at\/wp-content\/uploads\/2023\/03\/Zusammenstellung-2.jpg 977w, http:\/\/www.stadtchorgmunden.at\/wp-content\/uploads\/2023\/03\/Zusammenstellung-2-300x115.jpg 300w, http:\/\/www.stadtchorgmunden.at\/wp-content\/uploads\/2023\/03\/Zusammenstellung-2-768x296.jpg 768w\" sizes=\"auto, (max-width: 977px) 100vw, 977px\" \/><\/a><\/p>\n<p><a href=\"http:\/\/www.stadtchorgmunden.at\/wp-content\/uploads\/2023\/04\/IMG-20230405-WA0000.jpg\">Bericht Ischler Woche<\/a><\/p>\n<hr \/>\n<h1><span style=\"color: #3366ff;\">19.3.2023\u00a0 Liebstattsonntag <\/span><span style=\"color: #3366ff;\">Stadtpfarrkirche Gmunden<\/span><\/h1>\n<h4>Kirchenmusik zur Festmesse des 4. Fastensonntags (Laetare)<\/h4>\n<p><a href=\"https:\/\/www.salzi.at\/2023\/03\/live-uebertragung-der-bauernmesse-zum-liebstattsonntag-aus-der-stadtpfarrkirche-gmunden\/#respond\"><img loading=\"lazy\" decoding=\"async\" class=\"alignnone wp-image-1186\" src=\"http:\/\/www.stadtchorgmunden.at\/wp-content\/uploads\/2023\/03\/Bauernmesse-link-300x143.jpg\" alt=\"\" width=\"338\" height=\"161\" srcset=\"http:\/\/www.stadtchorgmunden.at\/wp-content\/uploads\/2023\/03\/Bauernmesse-link-300x143.jpg 300w, http:\/\/www.stadtchorgmunden.at\/wp-content\/uploads\/2023\/03\/Bauernmesse-link-1024x488.jpg 1024w, http:\/\/www.stadtchorgmunden.at\/wp-content\/uploads\/2023\/03\/Bauernmesse-link-768x366.jpg 768w, http:\/\/www.stadtchorgmunden.at\/wp-content\/uploads\/2023\/03\/Bauernmesse-link-1536x731.jpg 1536w, http:\/\/www.stadtchorgmunden.at\/wp-content\/uploads\/2023\/03\/Bauernmesse-link-2048x975.jpg 2048w\" sizes=\"auto, (max-width: 338px) 100vw, 338px\" \/><\/a><br \/>\n<em>Annette Thoma<\/em> (1886-1974):\u00a0 \u00a0 \u00a0Deutsche Bauernmesse (UA 1933)<br \/>\n<em>Franz Xaver Engelhart<\/em> (1861-1924):\u00a0 \u00a0 \u00a0 \u00a0 \u00a0 \u00a0 \u00a0Ave Maria<br \/>\nWerke f\u00fcr Harmonika und Gitarre:\u00a0 \u00a0 Von <em>Herbert Pixner, Anton Gmachl jun<\/em>. u.a<br \/>\nAusf\u00fchrende:<br \/>\nSTADTCHOR GMUNDEN<br \/>\nSopran Solo:\u00a0 \u00a0Christine Hamminger &#8211; Gritzky<br \/>\nEnsemble\u00a0 KNOPFSAITENKNOPF:\u00a0 Jakob Ahammer \u2013 steirische Harmonika<br \/>\nEva Maria Ahammer- Gitarre<br \/>\nGesamtleitung: Gertraud Steinkogler-Wurzinger<br \/>\n<span style=\"color: #808080;\"><em>Die Dichterin und Brauchtumspflegerin Annette Thoma\u00a0 <\/em><\/span>nahm als Grundlage f\u00fcr ihre Messe \u201ealte Lieder und Weisen aus dem bayerisch-\u00f6sterreichischen Alpenland\u201c und unterlegte sie mit den entsprechenden liturgischen Texten.\u00a0 Kernst\u00fcck der Messe ist der bekannte <i>Andachtsjodler,<\/i> der 1830 in\u00a0 Sterzing\u00a0 aufgezeichnet wurde.<br \/>\nDie Messe wurde original f\u00fcr\u00a0 Dreigesang und\u00a0 Stubenmusik gesetzt, der Stadtchor singt eine vierstimmige Version von <em>Jochen Langer.<\/em><br \/>\nMit dem &#8222;Ave Maria&#8220;\u00a0des Priesters und <em><span style=\"color: #808080;\">Regensburger Domkapellmeisters Franz Xaver Engelhart <\/span>\u00a0<\/em>wird zus\u00e4tzlich ein Werk aufgef\u00fchrt, dessen Komponist im Gr\u00fcndungsjahr des Stadtchores Gmunden geboren wurde.<br \/>\nMehr zur Geschichte von Liebstatt finden Sie auf der Homepage des Tourismusverbandes <a href=\"https:\/\/www.salzkammergutkultur.at\/brauchtum\/liebstattsonntag.html\">https:\/\/www.salzkammergutkultur.at\/brauchtum\/liebstattsonntag.html<\/a><\/p>\n<p>10:30 Uhr Festzug mit Stadtkapelle Gmunden<br \/>\nvom Kirchenplatz durch die Altstadt zum Rathausplatz<\/p>\n<p><a href=\"http:\/\/www.stadtchorgmunden.at\/wp-content\/uploads\/2023\/03\/Zusammenfassung-1.jpg\"><img loading=\"lazy\" decoding=\"async\" class=\"alignnone wp-image-1196\" src=\"http:\/\/www.stadtchorgmunden.at\/wp-content\/uploads\/2023\/03\/Zusammenfassung-1.jpg\" alt=\"\" width=\"513\" height=\"106\" srcset=\"http:\/\/www.stadtchorgmunden.at\/wp-content\/uploads\/2023\/03\/Zusammenfassung-1.jpg 1505w, http:\/\/www.stadtchorgmunden.at\/wp-content\/uploads\/2023\/03\/Zusammenfassung-1-300x62.jpg 300w, http:\/\/www.stadtchorgmunden.at\/wp-content\/uploads\/2023\/03\/Zusammenfassung-1-1024x212.jpg 1024w, http:\/\/www.stadtchorgmunden.at\/wp-content\/uploads\/2023\/03\/Zusammenfassung-1-768x159.jpg 768w\" sizes=\"auto, (max-width: 513px) 100vw, 513px\" \/><\/a><\/p>\n<hr \/>\n<h1><span style=\"color: #0000ff;\">TOLLITE HOSTIAS 11. Dezember 2022<\/span><\/h1>\n<h5>Verschoben, aber nicht aufgehoben ist unser WEIHNACHTSKONZERT<br \/>\nzum 160. Jahres-Jubil\u00e4um des Stadtchors Gmunden 1861 &#8211; 2021<\/h5>\n<p><a href=\"http:\/\/www.stadtchorgmunden.at\/wp-content\/uploads\/2022\/11\/Plakat-Tolite-Hostias-2.jpg\"><img loading=\"lazy\" decoding=\"async\" class=\" wp-image-1136 alignright\" src=\"http:\/\/www.stadtchorgmunden.at\/wp-content\/uploads\/2022\/11\/Plakat-Tolite-Hostias-2-300x244.jpg\" alt=\"\" width=\"538\" height=\"438\" srcset=\"http:\/\/www.stadtchorgmunden.at\/wp-content\/uploads\/2022\/11\/Plakat-Tolite-Hostias-2-300x244.jpg 300w, http:\/\/www.stadtchorgmunden.at\/wp-content\/uploads\/2022\/11\/Plakat-Tolite-Hostias-2.jpg 456w\" sizes=\"auto, (max-width: 538px) 100vw, 538px\" \/><\/a><br \/>\nEin Jahrzehnt vor der Gr\u00fcndung des Stadtchores Gmunden, vormals Gesangsverein 1861, entstand das \u00a0Oratorio de No\u00ebl des franz\u00f6sischen Komponisten Camille Saint-Sa\u00ebns, dessen hundertsten Todestag wir ebenso 2021 gedachten. Der Stadtchor Gmunden schenkte sich nun &#8211; mit einem Jahr Versp\u00e4tung- zu seinem 160. Bestandjubil\u00e4um einen Franz\u00f6sischen Abend<\/p>\n<p>Kooperation mit dem BELCANTOCHOR \/ Salzburg\u00a0 Gmunden und in Salzburg .<\/p>\n<p><strong>FOCUS<\/strong> Orchester: Instrumentalensemble<br \/>\n<strong>Harfe<br \/>\n<\/strong>Katharina Teufel-Lieli<br \/>\n<strong>Orgel<br \/>\n<\/strong>Roger Sohler<br \/>\n<strong>Musikalische Leitung<\/strong><br \/>\nGertraud Steinkogler-Wurzinger (Gesamtleitung)<br \/>\nHiroyuki Ohara<\/p>\n<p>__________________________________________________________________________________<\/p>\n<h1 class=\"MuiTypography-root-80 MuiTypography-h1-85 MuiTypography-colorPrimary-103 MuiTypography-alignCenter-96\">Chorweihnacht 2022 in Bad Ischl<\/h1>\n<p>Am 1. Adventsonntag, am\u00a0 27. November 2022, wurde heuer die Chorweihnacht\u00a0 2022 in der Stadtpfarrkirche von Bad Ischl gefeiert.\u00a0 7 Ch\u00f6re aus\u00a0 der Chorregion Salzkammergut sangen\u00a0 weihnachtlichen Lieder\u00a0 &#8211; der Stadtchor Gmunden war mit dabei &#8211; zum Beginn und zum Ausklang gab es\u00a0 einen gemeinsamen s\u00e4ngerischen Auftritt mit &#8222;Machet die Tore weit&#8230;&#8220; und &#8222;Nun sei uns willkommen&#8230;&#8220;. Die Kirche war bis auf den letzten Sitzplatz voll zu dieser gelungenen, stimmigen Auff\u00fchrung zur Einstimmung in die Adventzeit.<br \/>\nUnsere Beitr\u00e4ge waren:<br \/>\n<em>Oaken leaves<\/em> von Thomas Ravenscroft &#8211; <em>Der See friert zu<\/em> von Lorenz Maierhofer<br \/>\n<em>Wearst mei Liacht ume sein<\/em> von G. Mittergradnegger<img loading=\"lazy\" decoding=\"async\" class=\"alignleft\" src=\"https:\/\/img2.storyblok.com\/960x480\/smart\/f\/92541\/1600x900\/bc4237a1de\/bad_ischl_traunufer_winter-c-leitner_daniel.jpg\" width=\"354\" height=\"177\" \/><\/p>\n<div style=\"width: 352px;\" class=\"wp-video\"><video class=\"wp-video-shortcode\" id=\"video-18-3\" width=\"352\" height=\"640\" preload=\"metadata\" controls=\"controls\"><source type=\"video\/mp4\" src=\"http:\/\/www.stadtchorgmunden.at\/wp-content\/uploads\/2022\/12\/video.mp4?_=3\" \/><a href=\"http:\/\/www.stadtchorgmunden.at\/wp-content\/uploads\/2022\/12\/video.mp4\">http:\/\/www.stadtchorgmunden.at\/wp-content\/uploads\/2022\/12\/video.mp4<\/a><\/video><\/div>\n<h1><\/h1>\n<h1>2021<\/h1>\n<h1 style=\"text-align: center;\"><span style=\"color: #3366ff;\"><strong>OBER\u00d6STERREICH SINGT\u00a0 \u00a0 \u00a0 \u00a0 \u00a0 \u00a0 \u00a0 \u00a0 \u00a0 \u00a0 \u00a0 \u00a0 \u00a0 \u00a0 \u00a0 \u00a0 \u00a0 \u00a0 \u00a0 \u00a0 \u00a0 \u00a0 \u00a0 \u00a0 \u00a0 \u00a0 \u00a0 \u00a0 \u00a0 \u00a0 \u00a0 \u00a0 \u00a0 \u00a0 \u00a0 \u00a0 \u00a0 \u00a0 \u00a0 \u00a0 \u00a0 \u00a0 \u00a0 \u00a0 \u00a0 \u00a0 \u00a0 <\/strong><strong>20 Jahre Chorverband O\u00d6 16. Oktober 2021<\/strong><\/span><\/h1>\n<p><a href=\"http:\/\/www.stadtchorgmunden.at\/wp-content\/uploads\/2021\/10\/4.jpg\"><img loading=\"lazy\" decoding=\"async\" class=\"wp-image-1056 alignnone\" src=\"http:\/\/www.stadtchorgmunden.at\/wp-content\/uploads\/2021\/10\/4.jpg\" alt=\"\" width=\"218\" height=\"266\" srcset=\"http:\/\/www.stadtchorgmunden.at\/wp-content\/uploads\/2021\/10\/4.jpg 1112w, http:\/\/www.stadtchorgmunden.at\/wp-content\/uploads\/2021\/10\/4-247x300.jpg 247w, http:\/\/www.stadtchorgmunden.at\/wp-content\/uploads\/2021\/10\/4-843x1024.jpg 843w, http:\/\/www.stadtchorgmunden.at\/wp-content\/uploads\/2021\/10\/4-768x933.jpg 768w\" sizes=\"auto, (max-width: 218px) 100vw, 218px\" \/><\/a><a href=\"http:\/\/www.stadtchorgmunden.at\/wp-content\/uploads\/2021\/10\/7.jpg\"><img loading=\"lazy\" decoding=\"async\" class=\" wp-image-1058 alignnone\" src=\"http:\/\/www.stadtchorgmunden.at\/wp-content\/uploads\/2021\/10\/7.jpg\" alt=\"\" width=\"477\" height=\"268\" srcset=\"http:\/\/www.stadtchorgmunden.at\/wp-content\/uploads\/2021\/10\/7.jpg 1382w, http:\/\/www.stadtchorgmunden.at\/wp-content\/uploads\/2021\/10\/7-300x168.jpg 300w, http:\/\/www.stadtchorgmunden.at\/wp-content\/uploads\/2021\/10\/7-1024x573.jpg 1024w, http:\/\/www.stadtchorgmunden.at\/wp-content\/uploads\/2021\/10\/7-768x430.jpg 768w\" sizes=\"auto, (max-width: 477px) 100vw, 477px\" \/><\/a><\/p>\n<p>Nach den Einschr\u00e4nkungen in Zusammenhang mit Covid hatten wir nach langer Zeit einen Auftritt in Linz\/Brucknerhaus zum 20. Geburtstag des Chorverbandes Ober\u00f6sterreich. Beim \u201ePlatz\u00b4lsingen\u201c vor dem Brucknerhaus, bei sch\u00f6nstem Herbstwetter im Freien, beteiligten sich 19 Ch\u00f6re aus \u00d6sterreich und S\u00fcdtirol. Aus dem Salzkammergut war der Stadtchor Gmunden gemeinsam mit dem Belcanto-Chor aus Salzburg dabei, f\u00fcr die Konzeption und Gesamtleitung war Frau Gertraud Steinkogler-Wurzinger verantwortlich.<\/p>\n<p><img loading=\"lazy\" decoding=\"async\" class=\"wp-image-1068 alignnone\" src=\"http:\/\/www.stadtchorgmunden.at\/wp-content\/uploads\/2021\/10\/5-2.jpg\" alt=\"\" width=\"425\" height=\"231\" srcset=\"http:\/\/www.stadtchorgmunden.at\/wp-content\/uploads\/2021\/10\/5-2.jpg 1263w, http:\/\/www.stadtchorgmunden.at\/wp-content\/uploads\/2021\/10\/5-2-300x163.jpg 300w, http:\/\/www.stadtchorgmunden.at\/wp-content\/uploads\/2021\/10\/5-2-1024x557.jpg 1024w, http:\/\/www.stadtchorgmunden.at\/wp-content\/uploads\/2021\/10\/5-2-768x418.jpg 768w\" sizes=\"auto, (max-width: 425px) 100vw, 425px\" \/><\/p>\n<p>Unser Programm war ein Beitrag zum vergangenen Beethovenjahr : Freu\u2018 dich des Lebens (Beethoven) &#8211; Gmundner Motto (Pep\u00f6ck) &#8211;\u00a0 \u00a0Schi Kanon (Gertraud Steinkogler-Wurzinger) &#8211; Es-Scala Kanon (Beethoven) &#8211; Text aus Beethoven Brief (Teplitz) &#8211; Bester Herr Graf (Beethoven) &#8211; Die Gedanken sind frei &#8211; Wer will mir wehren zu singen (Fanny Hensel-Mendelssohn) &#8211; Freundschaft (Beethoven) &#8211;\u00a0 \u00a0Freude Quodlibet (Beethoven\/G.Steinkogler-Wurzinger) &#8211; Der Tag hat sich geneigt &#8211; The blessings of Aaron (N. Ramsey)<\/p>\n<p><a href=\"http:\/\/www.stadtchorgmunden.at\/wp-content\/uploads\/2021\/10\/signal-2021-10-17-205943-2-2.jpg\"><img loading=\"lazy\" decoding=\"async\" class=\"size-full wp-image-1060 alignnone\" src=\"http:\/\/www.stadtchorgmunden.at\/wp-content\/uploads\/2021\/10\/signal-2021-10-17-205943-2-2.jpg\" alt=\"\" width=\"1531\" height=\"882\" srcset=\"http:\/\/www.stadtchorgmunden.at\/wp-content\/uploads\/2021\/10\/signal-2021-10-17-205943-2-2.jpg 1531w, http:\/\/www.stadtchorgmunden.at\/wp-content\/uploads\/2021\/10\/signal-2021-10-17-205943-2-2-300x173.jpg 300w, http:\/\/www.stadtchorgmunden.at\/wp-content\/uploads\/2021\/10\/signal-2021-10-17-205943-2-2-1024x590.jpg 1024w, http:\/\/www.stadtchorgmunden.at\/wp-content\/uploads\/2021\/10\/signal-2021-10-17-205943-2-2-768x442.jpg 768w\" sizes=\"auto, (max-width: 1531px) 100vw, 1531px\" \/><\/a><\/p>\n<p>Das anschlie\u00dfende Galakonzert war ein MUSIKALISCHES PL\u00c4DOYER F\u00dcR DEN FRIEDEN ZWISCHEN DEN V\u00d6LKERN<br \/>\nIm 1. Teil sangen der Hard-Chor und der Jeunesse Chor.<br \/>\nIm 2. Teil die Auff\u00fchrung von \u201eThe Armed Man. A Mass for Peace\u201c des weltber\u00fchmten walisischen Komponisten SIR KARL JENKINS, \u00a0mit dem Upper Austrian Peace Choir, ein Projektchor aus S\u00e4ngerinnen und S\u00e4ngern der Mitgliedsch\u00f6re, gemeinsam mit Christa Ratzenb\u00f6ck und Hafiz Senad Podojak. Sie wurden begleitet vom Orchester des Musikgymnasiums Linz.<\/p>\n<p><a href=\"http:\/\/www.stadtchorgmunden.at\/wp-content\/uploads\/2021\/10\/IMG_20211016_211059_resized_20211017_112007507-scaled.jpg\"><img loading=\"lazy\" decoding=\"async\" class=\"size-full wp-image-1059 alignleft\" src=\"http:\/\/www.stadtchorgmunden.at\/wp-content\/uploads\/2021\/10\/IMG_20211016_211059_resized_20211017_112007507-scaled.jpg\" alt=\"\" width=\"2560\" height=\"1920\" srcset=\"http:\/\/www.stadtchorgmunden.at\/wp-content\/uploads\/2021\/10\/IMG_20211016_211059_resized_20211017_112007507-scaled.jpg 2560w, http:\/\/www.stadtchorgmunden.at\/wp-content\/uploads\/2021\/10\/IMG_20211016_211059_resized_20211017_112007507-300x225.jpg 300w, http:\/\/www.stadtchorgmunden.at\/wp-content\/uploads\/2021\/10\/IMG_20211016_211059_resized_20211017_112007507-1024x768.jpg 1024w, http:\/\/www.stadtchorgmunden.at\/wp-content\/uploads\/2021\/10\/IMG_20211016_211059_resized_20211017_112007507-768x576.jpg 768w, http:\/\/www.stadtchorgmunden.at\/wp-content\/uploads\/2021\/10\/IMG_20211016_211059_resized_20211017_112007507-1536x1152.jpg 1536w, http:\/\/www.stadtchorgmunden.at\/wp-content\/uploads\/2021\/10\/IMG_20211016_211059_resized_20211017_112007507-2048x1536.jpg 2048w\" sizes=\"auto, (max-width: 2560px) 100vw, 2560px\" \/><\/a><\/p>\n<hr \/>\n<h3><\/h3>\n<hr \/>\n<h3 style=\"text-align: center;\"><strong>Der Stadtchor Gmunden beim Traunsee Schl\u00f6sseradvent<\/strong><\/h3>\n<p style=\"text-align: center;\">Konzert am 8. 12. 2019, Leitung: Konrad Fleischanderl<\/p>\n<p style=\"text-align: center;\">Alle Jahre wieder haben die Damen und Herrn des Stadtchores Gmunden die Ehre, mit ihren Stimmen f\u00fcr weihnachtliche Stimmung beim Schl\u00f6sseradvent in der Kapelle des Seeschlosses Ort zu sorgen. Der gro\u00dfe Ansturm an Besuchern von fern und nah in der zum Bersten vollen Schlosskirche zeigt das Bed\u00fcrfnis nach Ruhe und Besinnlichkeit bei diesem einzigartigen Adventmarkt. Unter der Moderation von Wilfried Sch\u00f6gl und dem Begleitprogramm von Gerhard Prentner auf der Steirischen Harmonika sorgte die Chormusik daf\u00fcr, dass neben kulinarischen Gen\u00fcssen und dem Einkauf bei heimischen Handwerkern die spirituellen Aspekte der Vorweihnachtszeit nicht zu kurz kamen.<\/p>\n<h2><\/h2>\n<h2>Schl\u00f6sseradvent 8. Dezember 2018<\/h2>\n<p><a href=\"http:\/\/www.stadtchorgmunden.at\/wp-content\/uploads\/2018\/12\/P1020032-b.jpg\"><img loading=\"lazy\" decoding=\"async\" class=\"size-full wp-image-732 alignleft\" src=\"http:\/\/www.stadtchorgmunden.at\/wp-content\/uploads\/2018\/12\/P1020032-b.jpg\" alt=\"\" width=\"1020\" height=\"612\" srcset=\"http:\/\/www.stadtchorgmunden.at\/wp-content\/uploads\/2018\/12\/P1020032-b.jpg 1020w, http:\/\/www.stadtchorgmunden.at\/wp-content\/uploads\/2018\/12\/P1020032-b-300x180.jpg 300w, http:\/\/www.stadtchorgmunden.at\/wp-content\/uploads\/2018\/12\/P1020032-b-768x461.jpg 768w\" sizes=\"auto, (max-width: 1020px) 100vw, 1020px\" \/><\/a><\/p>\n<p>&nbsp;<\/p>\n<p>Seit Jahren beteiligt sich der GGV in der Kirche Schloss Ort beim Adventsingen, wo man sich mit Liedern, Musik und einf\u00fchlsamer Moderation auf das kommende Weihnachtsfest einstimmen kann.<\/p>\n<p><a href=\"http:\/\/www.stadtchorgmunden.at\/wp-content\/uploads\/2018\/12\/KulisseSchl\u00f6sseradv.jpg\"><img loading=\"lazy\" decoding=\"async\" class=\"size-full wp-image-733 alignleft\" src=\"http:\/\/www.stadtchorgmunden.at\/wp-content\/uploads\/2018\/12\/KulisseSchl\u00f6sseradv.jpg\" alt=\"\" width=\"1893\" height=\"942\" srcset=\"http:\/\/www.stadtchorgmunden.at\/wp-content\/uploads\/2018\/12\/KulisseSchl\u00f6sseradv.jpg 1893w, http:\/\/www.stadtchorgmunden.at\/wp-content\/uploads\/2018\/12\/KulisseSchl\u00f6sseradv-300x149.jpg 300w, http:\/\/www.stadtchorgmunden.at\/wp-content\/uploads\/2018\/12\/KulisseSchl\u00f6sseradv-768x382.jpg 768w, http:\/\/www.stadtchorgmunden.at\/wp-content\/uploads\/2018\/12\/KulisseSchl\u00f6sseradv-1024x510.jpg 1024w\" sizes=\"auto, (max-width: 1893px) 100vw, 1893px\" \/><\/a><\/p>\n<p>&nbsp;<\/p>\n<p>&nbsp;<\/p>\n<p>&nbsp;<\/p>\n<p>&nbsp;<\/p>\n<p>Anschlie\u00dfend ging es zur Weihnachtsfeier ins Hotel Schwan. Genaueres\u00a0 <a href=\"http:\/\/www.stadtchorgmunden.at\/?page_id=43\">Vereins News<\/a>.<\/p>\n<p>Im Rahmen der diesj\u00e4hrigen Weihnachtsfeier trafen die S\u00e4ngerinnen und S\u00e4nger des Gmundner Stadtchores im Gasthof Schwan zu einem besinnlichen R\u00fcckblick zusammen. <a href=\"http:\/\/www.stadtchorgmunden.at\/wp-admin\/post.php?post=43&amp;action=edit\">Hier gehts weiter&#8230;<\/a><\/p>\n<p><a href=\"http:\/\/www.stadtchorgmunden.at\/?page_id=18\"><img loading=\"lazy\" decoding=\"async\" class=\" wp-image-904 aligncenter\" src=\"http:\/\/www.stadtchorgmunden.at\/wp-content\/uploads\/2019\/12\/Mosaik-300x160.png\" alt=\"\" width=\"529\" height=\"282\" srcset=\"http:\/\/www.stadtchorgmunden.at\/wp-content\/uploads\/2019\/12\/Mosaik-300x160.png 300w, http:\/\/www.stadtchorgmunden.at\/wp-content\/uploads\/2019\/12\/Mosaik-768x409.png 768w, http:\/\/www.stadtchorgmunden.at\/wp-content\/uploads\/2019\/12\/Mosaik-1024x546.png 1024w\" sizes=\"auto, (max-width: 529px) 100vw, 529px\" \/><\/a><\/p>\n<h4 style=\"text-align: center;\"><\/h4>\n<p>&nbsp;<\/p>\n<h3 style=\"text-align: center;\">Samstag, 5. Oktober 2019<\/h3>\n<p style=\"text-align: center;\"><a href=\"http:\/\/www.stadtchorgmunden.at\/wp-content\/uploads\/2019\/11\/IMG_20191111_0002.jpg\"><img loading=\"lazy\" decoding=\"async\" class=\"alignnone wp-image-894\" src=\"http:\/\/www.stadtchorgmunden.at\/wp-content\/uploads\/2019\/11\/IMG_20191111_0002-246x300.jpg\" alt=\"\" width=\"463\" height=\"565\" srcset=\"http:\/\/www.stadtchorgmunden.at\/wp-content\/uploads\/2019\/11\/IMG_20191111_0002-246x300.jpg 246w, http:\/\/www.stadtchorgmunden.at\/wp-content\/uploads\/2019\/11\/IMG_20191111_0002-768x935.jpg 768w, http:\/\/www.stadtchorgmunden.at\/wp-content\/uploads\/2019\/11\/IMG_20191111_0002-841x1024.jpg 841w, http:\/\/www.stadtchorgmunden.at\/wp-content\/uploads\/2019\/11\/IMG_20191111_0002.jpg 1232w\" sizes=\"auto, (max-width: 463px) 100vw, 463px\" \/><\/a><\/p>\n<p style=\"text-align: center;\">Quelle: MEINBEZIRK:AT, 7.8. Nov. 2019<\/p>\n<h2>1. Adventsonntag, Singen in der Lebenshilfe 02. Dezember 2018<\/h2>\n<p style=\"text-align: left;\"><a href=\"http:\/\/www.stadtchorgmunden.at\/wp-content\/uploads\/2018\/12\/IMG_0421-b.jpg\"><img loading=\"lazy\" decoding=\"async\" class=\"size-full wp-image-718 alignleft\" src=\"http:\/\/www.stadtchorgmunden.at\/wp-content\/uploads\/2018\/12\/IMG_0421-b.jpg\" alt=\"\" width=\"5384\" height=\"2662\" srcset=\"http:\/\/www.stadtchorgmunden.at\/wp-content\/uploads\/2018\/12\/IMG_0421-b.jpg 5384w, http:\/\/www.stadtchorgmunden.at\/wp-content\/uploads\/2018\/12\/IMG_0421-b-300x148.jpg 300w, http:\/\/www.stadtchorgmunden.at\/wp-content\/uploads\/2018\/12\/IMG_0421-b-768x380.jpg 768w, http:\/\/www.stadtchorgmunden.at\/wp-content\/uploads\/2018\/12\/IMG_0421-b-1024x506.jpg 1024w\" sizes=\"auto, (max-width: 5384px) 100vw, 5384px\" \/><\/a><\/p>\n<p>Am Anfang der Adventzeit findet in der Lebenshilfe Gmunden traditionsgem\u00e4\u00df die Weihnachtsfeier der Klienten statt. Nachdem die Tagesheimst\u00e4tte der Lebenshilfe auch unser Probenlokal ist, werden wir jedes Jahr zur Gestaltung dieser Weihnachtsfeier eingeladen. Wir machen das gerne, wir wissen auch wie sich die Heimbewohner darauf freuen. Unterst\u00fctzt von der \u201eZAMGWUERFELTEN\u201c-Musi (Marta \u2013 Zither, Uli \u2013 Querfl\u00f6te, Waltraud \u2013 Altfl\u00f6te, Maria &#8211; Gitarre, Ulli \u2013 Akkordeon) und den beiden Geschichtenerz\u00e4hlern aus unserem Chor<\/p>\n<p><a href=\"http:\/\/www.stadtchorgmunden.at\/wp-content\/uploads\/2018\/12\/IMG_0427-b.jpg\"><img loading=\"lazy\" decoding=\"async\" class=\" wp-image-725 alignleft\" src=\"http:\/\/www.stadtchorgmunden.at\/wp-content\/uploads\/2018\/12\/IMG_0427-b.jpg\" alt=\"\" width=\"341\" height=\"233\" srcset=\"http:\/\/www.stadtchorgmunden.at\/wp-content\/uploads\/2018\/12\/IMG_0427-b.jpg 5085w, http:\/\/www.stadtchorgmunden.at\/wp-content\/uploads\/2018\/12\/IMG_0427-b-300x205.jpg 300w, http:\/\/www.stadtchorgmunden.at\/wp-content\/uploads\/2018\/12\/IMG_0427-b-768x524.jpg 768w, http:\/\/www.stadtchorgmunden.at\/wp-content\/uploads\/2018\/12\/IMG_0427-b-1024x699.jpg 1024w\" sizes=\"auto, (max-width: 341px) 100vw, 341px\" \/><\/a><a href=\"http:\/\/www.stadtchorgmunden.at\/wp-content\/uploads\/2018\/12\/IMG_0431-b.jpg\"><img loading=\"lazy\" decoding=\"async\" class=\"wp-image-720 alignleft\" src=\"http:\/\/www.stadtchorgmunden.at\/wp-content\/uploads\/2018\/12\/IMG_0431-b.jpg\" alt=\"\" width=\"170\" height=\"230\" srcset=\"http:\/\/www.stadtchorgmunden.at\/wp-content\/uploads\/2018\/12\/IMG_0431-b.jpg 2008w, http:\/\/www.stadtchorgmunden.at\/wp-content\/uploads\/2018\/12\/IMG_0431-b-222x300.jpg 222w, http:\/\/www.stadtchorgmunden.at\/wp-content\/uploads\/2018\/12\/IMG_0431-b-768x1036.jpg 768w, http:\/\/www.stadtchorgmunden.at\/wp-content\/uploads\/2018\/12\/IMG_0431-b-759x1024.jpg 759w\" sizes=\"auto, (max-width: 170px) 100vw, 170px\" \/><\/a><\/p>\n<p><img loading=\"lazy\" decoding=\"async\" class=\"wp-image-932 alignleft\" style=\"color: #004466;\" src=\"http:\/\/www.stadtchorgmunden.at\/wp-content\/uploads\/2020\/06\/IMG_0425-b.jpg\" alt=\"\" width=\"128\" height=\"228\" \/><\/p>\n<p>&nbsp;<\/p>\n<p>&nbsp;<\/p>\n<p>&nbsp;<\/p>\n<p>&nbsp;<\/p>\n<p>&nbsp;<\/p>\n<p>&nbsp;<\/p>\n<p style=\"text-align: left;\">und unseren aktuellen Weihnachtsliedern schafften wir einen stimmungsvollen Auftakt in die Adventzeit. Besonders erhebend war das gemeinsame Singen mit den Klienten von bekannten Weihnachtsliedern. Die Einstimmung und die Vorfreude auf das kommende Fest waren an ihren Augen abzulesen.<\/p>\n<p><a href=\"http:\/\/www.stadtchorgmunden.at\/wp-content\/uploads\/2018\/12\/IMG_0439-b.jpg\"><img loading=\"lazy\" decoding=\"async\" class=\" wp-image-721 alignleft\" src=\"http:\/\/www.stadtchorgmunden.at\/wp-content\/uploads\/2018\/12\/IMG_0439-b.jpg\" alt=\"\" width=\"490\" height=\"247\" srcset=\"http:\/\/www.stadtchorgmunden.at\/wp-content\/uploads\/2018\/12\/IMG_0439-b.jpg 5181w, http:\/\/www.stadtchorgmunden.at\/wp-content\/uploads\/2018\/12\/IMG_0439-b-300x151.jpg 300w, http:\/\/www.stadtchorgmunden.at\/wp-content\/uploads\/2018\/12\/IMG_0439-b-768x387.jpg 768w, http:\/\/www.stadtchorgmunden.at\/wp-content\/uploads\/2018\/12\/IMG_0439-b-1024x515.jpg 1024w\" sizes=\"auto, (max-width: 490px) 100vw, 490px\" \/><\/a><\/p>\n<p>&nbsp;<\/p>\n<p>&nbsp;<\/p>\n<p>&nbsp;<\/p>\n<h2><\/h2>\n<h2>23.06.2018 19:30 Fr\u00fchlingskonzert\u00a02. Folge der Liebesgeschichten<\/h2>\n<p><a href=\"http:\/\/www.stadtchorgmunden.at\/wp-content\/uploads\/2020\/06\/IMG_2971.jpg\"><img loading=\"lazy\" decoding=\"async\" class=\"size-full wp-image-930 alignleft\" src=\"http:\/\/www.stadtchorgmunden.at\/wp-content\/uploads\/2020\/06\/IMG_2971.jpg\" alt=\"\" width=\"3264\" height=\"2448\" srcset=\"http:\/\/www.stadtchorgmunden.at\/wp-content\/uploads\/2020\/06\/IMG_2971.jpg 3264w, http:\/\/www.stadtchorgmunden.at\/wp-content\/uploads\/2020\/06\/IMG_2971-300x225.jpg 300w, http:\/\/www.stadtchorgmunden.at\/wp-content\/uploads\/2020\/06\/IMG_2971-768x576.jpg 768w, http:\/\/www.stadtchorgmunden.at\/wp-content\/uploads\/2020\/06\/IMG_2971-1024x768.jpg 1024w\" sizes=\"auto, (max-width: 3264px) 100vw, 3264px\" \/><\/a><\/p>\n<p>&nbsp;<\/p>\n<p>&nbsp;<\/p>\n<p>Am 23. Juni 2018 fand in der Gmundner Landesmusikschule das Abschlusskonzert des Gmundner Gesangsvereins statt. Es war die Fortsetzung der letztj\u00e4hrigen Veranstaltung \u201eLiebeslieder und Heiratsg\u00b4schichten\u201c.<\/p>\n<p>Irene Hoffer, alias Dr. Elisabeth T. Kuppler, f\u00fchrte durch die Interviews voll witziger Wortspiele und Zweideutigkeiten, die beim Publikum immer wieder Lachsalven ausl\u00f6sten. Sehr geschickt leiteten diese Gespr\u00e4che zu passenden Liedern \u00fcber, die der Chor unter seiner Leiterin Ulrike Rastl abwechslungsreich zum Besten gab. Drei gesangliche Soloauftritte und zwei Tanzeinlagen, die das Publikum begeisterten, rundeten das Programm ab.<\/p>\n<p>Dem st\u00fcrmischen Applaus nach zu schlie\u00dfen, war das Konzert des Gmundner Gesangsvereins ein voller Erfolg, zu dem nicht nur die Mitwirkenden, sondern auch das Publikum mit seiner Begeisterungsf\u00e4higkeit beigetragen haben.<\/p>\n<p>&nbsp;<\/p>\n<h2>Meister Pep\u00f6ck ist in Gmunden wieder zur\u00fcck!<\/h2>\n<p><a href=\"http:\/\/www.stadtchorgmunden.at\/wp-content\/uploads\/2014\/06\/IMG_2736.jpg\"><img loading=\"lazy\" decoding=\"async\" class=\"size-full wp-image-658 alignleft\" src=\"http:\/\/www.stadtchorgmunden.at\/wp-content\/uploads\/2014\/06\/IMG_2736.jpg\" alt=\"\" width=\"1600\" height=\"1200\" srcset=\"http:\/\/www.stadtchorgmunden.at\/wp-content\/uploads\/2014\/06\/IMG_2736.jpg 1600w, http:\/\/www.stadtchorgmunden.at\/wp-content\/uploads\/2014\/06\/IMG_2736-300x225.jpg 300w, http:\/\/www.stadtchorgmunden.at\/wp-content\/uploads\/2014\/06\/IMG_2736-768x576.jpg 768w, http:\/\/www.stadtchorgmunden.at\/wp-content\/uploads\/2014\/06\/IMG_2736-1024x768.jpg 1024w\" sizes=\"auto, (max-width: 1600px) 100vw, 1600px\" \/><\/a><\/p>\n<p><a href=\"http:\/\/www.stadtchorgmunden.at\/wp-content\/uploads\/2014\/06\/04-Pep\u00f6ck.jpg\"><img loading=\"lazy\" decoding=\"async\" class=\"alignright wp-image-202\" src=\"http:\/\/www.stadtchorgmunden.at\/wp-content\/uploads\/2014\/06\/04-Pep\u00f6ck.jpg\" alt=\"\" width=\"179\" height=\"275\" srcset=\"http:\/\/www.stadtchorgmunden.at\/wp-content\/uploads\/2014\/06\/04-Pep\u00f6ck.jpg 248w, http:\/\/www.stadtchorgmunden.at\/wp-content\/uploads\/2014\/06\/04-Pep\u00f6ck-195x300.jpg 195w\" sizes=\"auto, (max-width: 179px) 100vw, 179px\" \/><\/a><\/p>\n<p>&nbsp;<\/p>\n<p>Die Pep\u00f6ck-Matinee am 17.September im K-Hof Museum Gmunden war ein voller Erfolg. 130 Besucher und 30 S\u00e4ngerinnen und S\u00e4nger konnte B\u00fcrgermeister Mag. Stefan Krapf im bis auf den letzten Platz bestzten Kammerhofsaal begr\u00fc\u00dfen. Musealvereinsobmann OSR August Mayer referierte \u00fcber den Werdegang, Kustodin Frau Dir. Ingrid Spitzbart \u00fcber sein Werk und Ehrenobmann Wilhelm Pelikan, Organisator dieser Jubil\u00e4umsveranstaltung zum 130. Geburtstag von Meister Pep\u00f6ck. Der Gmundner Gesangsverein 1861, bei dem August Pep\u00f6ck Ehrenmitglied war, unter der Leitung von Frau Ulrike Rastl, lockerte die Veranstaltung durch sechs Lieder des Meisters auf. Eine kurzweilige Pr\u00e4sentation, die von den Besuchern begeisternd aufgenommen wurde.<\/p>\n<p>&nbsp;<\/p>\n<h2><\/h2>\n<h2><strong>GGV Chorkonzert <a href=\"http:\/\/www.stadtchorgmunden.at\/wp-content\/uploads\/2014\/06\/104-Konzert-16062017.jpg\"><img loading=\"lazy\" decoding=\"async\" class=\"alignright wp-image-638\" src=\"http:\/\/www.stadtchorgmunden.at\/wp-content\/uploads\/2014\/06\/104-Konzert-16062017.jpg\" alt=\"\" width=\"224\" height=\"211\" srcset=\"http:\/\/www.stadtchorgmunden.at\/wp-content\/uploads\/2014\/06\/104-Konzert-16062017.jpg 735w, http:\/\/www.stadtchorgmunden.at\/wp-content\/uploads\/2014\/06\/104-Konzert-16062017-300x282.jpg 300w\" sizes=\"auto, (max-width: 224px) 100vw, 224px\" \/><\/a><br \/>\n<\/strong><\/h2>\n<p>&nbsp;<\/p>\n<p>Am 16.06.2017 veranstaltete der Gesangsverein Gmunden, unter der Leitung von Frau Ulrike Rastl und der Begleitung am Klavier von Ing. Leo Harreiter, im Saal der neuen Musikschule, sein beachtenswertes Konzert unter dem Titel \u201eLiebeslieder und Heiratsg\u00b4schichten\u201c.<\/p>\n<p><a href=\"http:\/\/www.stadtchorgmunden.at\/wp-content\/uploads\/2014\/06\/16.-Chor.jpg\"><img loading=\"lazy\" decoding=\"async\" class=\"alignright size-full wp-image-644\" src=\"http:\/\/www.stadtchorgmunden.at\/wp-content\/uploads\/2014\/06\/16.-Chor.jpg\" alt=\"\" width=\"3543\" height=\"2362\" srcset=\"http:\/\/www.stadtchorgmunden.at\/wp-content\/uploads\/2014\/06\/16.-Chor.jpg 3543w, http:\/\/www.stadtchorgmunden.at\/wp-content\/uploads\/2014\/06\/16.-Chor-300x200.jpg 300w, http:\/\/www.stadtchorgmunden.at\/wp-content\/uploads\/2014\/06\/16.-Chor-768x512.jpg 768w, http:\/\/www.stadtchorgmunden.at\/wp-content\/uploads\/2014\/06\/16.-Chor-1024x683.jpg 1024w\" sizes=\"auto, (max-width: 3543px) 100vw, 3543px\" \/><\/a><\/p>\n<p>&nbsp;<\/p>\n<p>Vor dem ausverkauften Auditorium gab es eine Auff\u00fchrung die zum Schmunzeln anregte. Die chorischen Darbietungen wurden jeweils unterbrochen von einem kabarettistischen Feuerwerk zum Thema Heiratsvermittlung. Frau Dr. Elisabeth T. Kuppler, alias Irene Hoffer, die diesen Teil alleine textete, einstudierte und moderierte, f\u00fchrte kurzweilig durch das Programm. Die Partnersuchenden waren ausnahmslos Chormitglieder und alle \u00fcberraschten mit ihren schauspielerischen F\u00e4higkeiten. Dieser unterhaltsame Ablauf unseres Konzertes wurde getoppt mit solistischen Darbietungen von Erich Haslbauer, Ferdinand Pesendorfer und Christine Gritzky-Hamminger.<\/p>\n<p style=\"text-align: left;\"><a href=\"http:\/\/www.stadtchorgmunden.at\/wp-content\/uploads\/2014\/06\/Zusammenfassung5.jpg\"><img loading=\"lazy\" decoding=\"async\" class=\"size-full wp-image-645 alignleft\" src=\"http:\/\/www.stadtchorgmunden.at\/wp-content\/uploads\/2014\/06\/Zusammenfassung5.jpg\" alt=\"\" width=\"4990\" height=\"1524\" srcset=\"http:\/\/www.stadtchorgmunden.at\/wp-content\/uploads\/2014\/06\/Zusammenfassung5.jpg 4990w, http:\/\/www.stadtchorgmunden.at\/wp-content\/uploads\/2014\/06\/Zusammenfassung5-300x92.jpg 300w, http:\/\/www.stadtchorgmunden.at\/wp-content\/uploads\/2014\/06\/Zusammenfassung5-768x235.jpg 768w, http:\/\/www.stadtchorgmunden.at\/wp-content\/uploads\/2014\/06\/Zusammenfassung5-1024x313.jpg 1024w\" sizes=\"auto, (max-width: 4990px) 100vw, 4990px\" \/><\/a><\/p>\n<p>&nbsp;<\/p>\n<h2><\/h2>\n<h2><\/h2>\n<p>&nbsp;<\/p>\n<h2>Festliches Jubil\u00e4umskonzert des Gmundner Gesangsverein<\/h2>\n<p>Der Auftritt des Don Kosaken Chor Serge Jaroff \u00ae am Sonntag, 29. Mai um 19 Uhr in der Kapuzinerkirche war ein einmaliges, musikalisches Erlebnis der besonderen Art. Den stimmgewaltigen Solisten wurde die Kapuzinerkirche fast zu klein wenn sie im Fortissimo gemeinsam Ihr K\u00f6nnen zeigten.<\/p>\n<p><a href=\"http:\/\/www.stadtchorgmunden.at\/wp-content\/uploads\/2020\/06\/IMG_2083.jpg\"><img loading=\"lazy\" decoding=\"async\" class=\"wp-image-927 alignleft\" src=\"http:\/\/www.stadtchorgmunden.at\/wp-content\/uploads\/2020\/06\/IMG_2083.jpg\" alt=\"\" width=\"337\" height=\"450\" \/><\/a><\/p>\n<p>&nbsp;<\/p>\n<p>&nbsp;<\/p>\n<p>&nbsp;<\/p>\n<p>&nbsp;<\/p>\n<p>&nbsp;<\/p>\n<p>&nbsp;<\/p>\n<p>&nbsp;<\/p>\n<p>&nbsp;<\/p>\n<p>&nbsp;<\/p>\n<p>&nbsp;<\/p>\n<p>F\u00fcr den Gmundner Gesangsverein war es eine besondere Herausforderung, als Gastgeber und Mitveranstalter, sich auch musikalisch zu beteiligen. Im Vorspann zum Don Kosaken Chor sangen wir 4 Lieder \u2013 \u201eDu bist`s dem Rum und Ehre geb\u00fchret\u201c von Joseph Haydn, \u201eHoc Corpus est\u201c von Prof. Hans Habert, \u201eLocus iste\u201c von Anton Bruckner, \u201eLet my Light shine bright\u201c von Lorenz Mayrhofer\u201c und<\/p>\n<p><a href=\"http:\/\/www.stadtchorgmunden.at\/wp-content\/uploads\/2014\/06\/DSC01781-2.jpg\"><img loading=\"lazy\" decoding=\"async\" class=\"size-full wp-image-578 alignleft\" src=\"http:\/\/www.stadtchorgmunden.at\/wp-content\/uploads\/2014\/06\/DSC01781-2.jpg\" alt=\"DSC01781 2\" width=\"4912\" height=\"3264\" srcset=\"http:\/\/www.stadtchorgmunden.at\/wp-content\/uploads\/2014\/06\/DSC01781-2.jpg 4912w, http:\/\/www.stadtchorgmunden.at\/wp-content\/uploads\/2014\/06\/DSC01781-2-300x199.jpg 300w, http:\/\/www.stadtchorgmunden.at\/wp-content\/uploads\/2014\/06\/DSC01781-2-768x510.jpg 768w, http:\/\/www.stadtchorgmunden.at\/wp-content\/uploads\/2014\/06\/DSC01781-2-1024x680.jpg 1024w\" sizes=\"auto, (max-width: 4912px) 100vw, 4912px\" \/><\/a><\/p>\n<p>\u201eGuten Abend gut Nacht\u201c von Johannes Brahms gemeinsam mit den Don Kosaken. Unsere Obfrau, Margarethe Scherzer, f\u00fchrte gekonnt durchs Programm und verwies insbesondere auf unser 155-Jahre-Jubil\u00e4um welches anschlie\u00dfend im Refektorium des Klosters gefeiert wurde.<\/p>\n<h3><a href=\"http:\/\/www.stadtchorgmunden.at\/wp-content\/uploads\/2014\/06\/20160306_304k_Liebstattsonntag11.jpg\" rel=\"attachment wp-att-519\">\u00a0<\/a><\/h3>\n<h3><\/h3>\n<h3>LIEBSTATTSONNTAG 2016<\/h3>\n<p>Auch in unserem 155-sten Jubil\u00e4umsjahr sangen wir am 06. M\u00e4rz 2016 anl\u00e4sslich des Liebstattsonntags die &#8222;Deutsche Bauernmesse&#8220; von Annette Thoma, heuer zum 25-sten Mal, in der Stadtpfarrkirche Gmunden.<\/p>\n<p><a href=\"http:\/\/www.stadtchorgmunden.at\/wp-content\/uploads\/2014\/06\/P1010280.jpg\" rel=\"attachment wp-att-521\"><img loading=\"lazy\" decoding=\"async\" class=\"wp-image-521 size-full alignleft\" src=\"http:\/\/www.stadtchorgmunden.at\/wp-content\/uploads\/2014\/06\/P1010280.jpg\" alt=\"\" width=\"1024\" height=\"768\" srcset=\"http:\/\/www.stadtchorgmunden.at\/wp-content\/uploads\/2014\/06\/P1010280.jpg 1024w, http:\/\/www.stadtchorgmunden.at\/wp-content\/uploads\/2014\/06\/P1010280-300x225.jpg 300w, http:\/\/www.stadtchorgmunden.at\/wp-content\/uploads\/2014\/06\/P1010280-768x576.jpg 768w\" sizes=\"auto, (max-width: 1024px) 100vw, 1024px\" \/><\/a><\/p>\n<p>Nach dem\u00a0anschlie\u00dfenden Festzug zum Rathausplatz mit Musikkapelle und dem Bischof aus Passau, wurden GGV-Herzen mit unseren n\u00e4chsten Programmpunkten verteilt.<\/p>\n<p><a href=\"http:\/\/www.stadtchorgmunden.at\/wp-content\/uploads\/2014\/06\/20160306_304k_Liebstattsonntag11.jpg\" rel=\"attachment wp-att-519\"><img loading=\"lazy\" decoding=\"async\" class=\"wp-image-519 alignleft\" src=\"http:\/\/www.stadtchorgmunden.at\/wp-content\/uploads\/2014\/06\/20160306_304k_Liebstattsonntag11.jpg\" alt=\"20160306_304k_Liebstattsonntag11\" width=\"326\" height=\"217\" srcset=\"http:\/\/www.stadtchorgmunden.at\/wp-content\/uploads\/2014\/06\/20160306_304k_Liebstattsonntag11.jpg 2303w, http:\/\/www.stadtchorgmunden.at\/wp-content\/uploads\/2014\/06\/20160306_304k_Liebstattsonntag11-300x200.jpg 300w, http:\/\/www.stadtchorgmunden.at\/wp-content\/uploads\/2014\/06\/20160306_304k_Liebstattsonntag11-768x512.jpg 768w, http:\/\/www.stadtchorgmunden.at\/wp-content\/uploads\/2014\/06\/20160306_304k_Liebstattsonntag11-1024x683.jpg 1024w\" sizes=\"auto, (max-width: 326px) 100vw, 326px\" \/><\/a><\/p>\n<p>&nbsp;<\/p>\n<p>&nbsp;<\/p>\n<p>&nbsp;<\/p>\n<p>&nbsp;<\/p>\n<p>&nbsp;<\/p>\n<p>Anl\u00e4sslich unseres 155-sten Jubil\u00e4ums und dem oftmaligen Mitwirken des GGV beim Liebstattsonntag ergriff unsere Obfrau Margit Scherzer das Mikrofon,\u00a0betonte die Heimatverbundenheit im Liedgut und die anspruchsvolle\u00a0\u00a0Literatur des Gmundner Gesangsvereines die ein gesellschaftlich verbindendes Elemente und Garant f\u00fcr\u00a0S\u00e4ngernachwuchs waren. Mit den Worten<\/p>\n<p>&#8222;Singen ist Atmen, Singen ist Balance, Singen ist Ausdruck, Singen ist Vitalit\u00e4t und Singen verbindet&#8220; w\u00fcnschte unsere Obfrau\u00a0noch einen sch\u00f6nen Liebstattsonntag.<\/p>\n<p><a href=\"http:\/\/www.stadtchorgmunden.at\/wp-content\/uploads\/2014\/06\/unsere-Liebe-gh\u00f6rt-IHR.jpg\" rel=\"attachment wp-att-520\"><br \/>\n<\/a><a href=\"http:\/\/www.stadtchorgmunden.at\/wp-content\/uploads\/2014\/06\/unsere-Liebe-gh\u00f6rt-IHR-e1457782548803.jpg\" rel=\"attachment wp-att-520\"><img loading=\"lazy\" decoding=\"async\" class=\"wp-image-520 size-full alignleft\" src=\"http:\/\/www.stadtchorgmunden.at\/wp-content\/uploads\/2014\/06\/unsere-Liebe-gh\u00f6rt-IHR-e1457782548803.jpg\" alt=\"\" width=\"220\" height=\"293\" \/><\/a><\/p>\n<p>&nbsp;<\/p>\n<p>&nbsp;<\/p>\n<p>&nbsp;<\/p>\n<p>&nbsp;<\/p>\n<p>&nbsp;<\/p>\n<p>&nbsp;<\/p>\n<p>Als Dankesch\u00f6n an unsere Chorleiterin und unsere Obfrau ein Liebstattherz.<\/p>\n<p>&nbsp;<\/p>\n<h3>Ph\u00e4nomenales \u201eAUSGEZEICHNET\u201c beim Chorwettbewerb<\/h3>\n<p><a href=\"http:\/\/www.stadtchorgmunden.at\/wp-content\/uploads\/2014\/06\/AL2Q2321.jpg\"><img loading=\"lazy\" decoding=\"async\" class=\"size-full wp-image-498 alignleft\" src=\"http:\/\/www.stadtchorgmunden.at\/wp-content\/uploads\/2014\/06\/AL2Q2321.jpg\" alt=\"AL2Q2321\" width=\"2618\" height=\"1750\" srcset=\"http:\/\/www.stadtchorgmunden.at\/wp-content\/uploads\/2014\/06\/AL2Q2321.jpg 2618w, http:\/\/www.stadtchorgmunden.at\/wp-content\/uploads\/2014\/06\/AL2Q2321-300x201.jpg 300w, http:\/\/www.stadtchorgmunden.at\/wp-content\/uploads\/2014\/06\/AL2Q2321-1024x684.jpg 1024w\" sizes=\"auto, (max-width: 2618px) 100vw, 2618px\" \/><\/a><\/p>\n<p>Beim 2. Volksliedchorfest mit Wettbewerb am 2. bis 4. Oktober in Bad Goisern\/Bad Ischl, veranstaltet von der O.\u00d6. Vokal Akademie, der Musiksammlung des Landes O.\u00d6 und Volksarchiv O.\u00d6 und dem Volksliedwerk unter der Leitung von Konrad Fleischanderl, Brigitte Schaal und Gerlinde Seyr hat der Gesangsverein Gmunden unter der Leitung von Ulli\u00a0Rastl mit den Liedern Wanns Heumahn so lustig war&#8230;&#8230;. Zweng an oanzign Gamsal&#8230;. O heiliger Sankt Florian&#8230;&#8230;.. Einen ausgezeichneten Erfolg errungen. Herzliche Gratulation!!!!!!!!!!!!!!!!<\/p>\n<h3><\/h3>\n<h3>Sonntag 05.07.2015 Atterseesingen &#8211; Sechs Ch\u00f6re schwitzen in Attersee<\/h3>\n<p>Schon zwei mal musste das Chor-Open-Air wegen Schlechtwetters in den vergangenen zwei Jahren abgesagt werden. Schade! Aber heuer ging es bei 33 Grad inmitten einer europ\u00e4ischen Hitzewelle gut \u00fcber die B\u00fchne. Der Publikumsbesuch war wetterbedingt bescheiden, weil ja viele den warmen Attersee (24 FGrad) aufsuchten. Von den sieben angemeldeten Ch\u00f6ren waren sechs gekommen. Ein sehr abwechslungsreiches und anspruchsvolles Programm boten die Ch\u00f6re: Singkreis Attersee &#8211; 12 Mitglieder Ph\u00f6nix Chor Attnang-Puchheim &#8211; 16 Mitglieder Singkreis Schlatt &#8211; 24 Mitglieder GGV Gmunden &#8211; 30 Mitglieder Gallus Chor Sch\u00f6rfling &#8211; 20 Mitglieder und die alles \u00fcberragenden Singfoniker in f &#8211; 28 Mitglieder Es waren alle Liedgattungen zu h\u00f6ren und wurden vom Publikum applaudiert. Der GGV unter der Leitung von Ulli Rastl sang: &#8222;Zweng an oanzigen Gamsal&#8220; &#8222;O heiliger Sankt Florian&#8220; <a href=\"http:\/\/www.stadtchorgmunden.at\/wp-content\/uploads\/2014\/06\/IMG_4019-bearb.jpg\"><img loading=\"lazy\" decoding=\"async\" class=\"alignleft wp-image-463 size-large\" src=\"http:\/\/www.stadtchorgmunden.at\/wp-content\/uploads\/2014\/06\/IMG_4019-bearb-1024x768.jpg\" alt=\"IMG_4019 bearb\" width=\"640\" height=\"480\" srcset=\"http:\/\/www.stadtchorgmunden.at\/wp-content\/uploads\/2014\/06\/IMG_4019-bearb-1024x768.jpg 1024w, http:\/\/www.stadtchorgmunden.at\/wp-content\/uploads\/2014\/06\/IMG_4019-bearb-300x225.jpg 300w\" sizes=\"auto, (max-width: 640px) 100vw, 640px\" \/><\/a> \u00a0 \u00a0 \u00a0 \u00a0 \u00a0 \u00a0 \u00a0 \u00a0 \u00a0 \u00a0 und drei afrikanische Lieder: &#8222;Hambani Kahle&#8220;, Uyingcwewele Baba&#8220; und &#8222;Freedom is coming&#8220;. Der t\u00fcrkisblaue Attersee mit vielen Segelbooten, das H\u00f6llengebirge, warmer Sommer, gut aufgelegte Leute, Singen in vielen Varianten &#8211; Herz was willst Du mehr?! Beendet wurde dieses Atterseesingen mit einem gemeinsamen &#8222;Hoamatland&#8220;.<a href=\"http:\/\/www.stadtchorgmunden.at\/wp-content\/uploads\/2014\/06\/IMG_4016-bearb-2.jpg\"><img loading=\"lazy\" decoding=\"async\" class=\"alignleft wp-image-462 size-large\" src=\"http:\/\/www.stadtchorgmunden.at\/wp-content\/uploads\/2014\/06\/IMG_4016-bearb-2-1024x513.jpg\" alt=\"IMG_4016 bearb 2\" width=\"640\" height=\"321\" srcset=\"http:\/\/www.stadtchorgmunden.at\/wp-content\/uploads\/2014\/06\/IMG_4016-bearb-2-1024x513.jpg 1024w, http:\/\/www.stadtchorgmunden.at\/wp-content\/uploads\/2014\/06\/IMG_4016-bearb-2-300x150.jpg 300w\" sizes=\"auto, (max-width: 640px) 100vw, 640px\" \/><\/a><\/p>\n<h2><\/h2>\n<p>&nbsp;<\/p>\n<h2><\/h2>\n<h2 align=\"LEFT\"><span style=\"font-family: Arial; font-size: x-large;\">50 Jahre <\/span><span style=\"font-family: Arial; font-size: x-large;\">Gemischter <\/span><span style=\"font-family: Arial; font-size: x-large;\">Chor <\/span><span style=\"font-family: Arial; font-size: x-large;\">Altm\u00fcnster <\/span><span style=\"font-family: Arial; font-size: x-large;\">Sonntag,<\/span> <span style=\"font-family: Arial; font-size: x-large;\"><span style=\"font-family: Arial; font-size: x-large;\">28.Juni 20<\/span><\/span><span style=\"font-family: Arial; font-size: x-large;\"><span style=\"font-family: Arial; font-size: x-large;\">15<\/span><\/span><\/h2>\n<p>Der Gemischte Chor Altm\u00fcnster ging aus dem M\u00e4nnergesangsverein Altm\u00fcnster hervor und feierte sein 50-j\u00e4hriges Bestehen. Danke f\u00fcr die Einladung des GGV dazu. Christoph Bock, 9 Jahre Mitglied des GGV, und nun seit vielen Jahren Obmann der Altm\u00fcnsterer legte eine gekonnte Jubil\u00e4umsfeier mit seinem Chor im voll besetzten Hof des Schlosses Ebenzweier hin. Messe, Umzug mit Marschmusik, Festansprachen von B\u00fcrgermeister Hannes Schobesberger, Landtagsabgeordnete Martina P\u00fchringer und Regina Fischer, Obfrau der Chorverbands-Region Salzkammergut, Goldhaubengruppe, Mitgliederehrungen- wie vor vielen Jahren: 1989 nahm der GGV auch an der 100 &#8211; Jahr Feier des Altm\u00fcnsterer M\u00e4nnergesangsvereins teil. Umrahmt von der Jaghornbl\u00e4sergruppe Neukirchen und von der Zupf-Fidel-Quetsch Musi unterst\u00fctzt, traten die teilnehmenden Ch\u00f6re auf: Gemischter Chor Altm\u00fcnster, der befreundete Wiener Chor ,Chor Cantus Wien&#8220;, der Hausruckchor Ottnang&#8220;, der &#8222;Stadtchor Liedertaf<\/p>\n<h2>Sangesfreude in der Arena di Verona<\/h2>\n<p><a href=\"http:\/\/www.stadtchorgmunden.at\/wp-content\/uploads\/2014\/06\/vor-der-Arena.jpg\" rel=\"attachment wp-att-193\"><img loading=\"lazy\" decoding=\"async\" class=\"alignright size-full wp-image-193\" src=\"http:\/\/www.stadtchorgmunden.at\/wp-content\/uploads\/2014\/06\/vor-der-Arena.jpg\" alt=\"vor der Arena\" width=\"4000\" height=\"3000\" srcset=\"http:\/\/www.stadtchorgmunden.at\/wp-content\/uploads\/2014\/06\/vor-der-Arena.jpg 4000w, http:\/\/www.stadtchorgmunden.at\/wp-content\/uploads\/2014\/06\/vor-der-Arena-300x225.jpg 300w, http:\/\/www.stadtchorgmunden.at\/wp-content\/uploads\/2014\/06\/vor-der-Arena-1024x768.jpg 1024w\" sizes=\"auto, (max-width: 4000px) 100vw, 4000px\" \/><\/a><\/p>\n<p>Der Chorwettbewerb 2014 in Verona vom 19.6. &#8211; 22.6., veranstaltet vom Chorverband Ober\u00f6sterreich war f\u00fcr den Gmundner Gesangsverein die 1. Teilnahme an diesem Wettbewerb, daf\u00fcr aber gleich eine sehr erfolgreiche. Mit dem 2. Platz in der Kategorie der Erwachsenench\u00f6re freuen wir uns \u00fcber diese Teilnahme.<\/p>\n<p><a href=\"http:\/\/www.stadtchorgmunden.at\/wp-content\/uploads\/2014\/06\/in-der-Arena-2.jpg\" rel=\"attachment wp-att-195\"><img loading=\"lazy\" decoding=\"async\" class=\"alignright size-full wp-image-195\" src=\"http:\/\/www.stadtchorgmunden.at\/wp-content\/uploads\/2014\/06\/in-der-Arena-2.jpg\" alt=\"in der Arena 2\" width=\"4000\" height=\"3000\" srcset=\"http:\/\/www.stadtchorgmunden.at\/wp-content\/uploads\/2014\/06\/in-der-Arena-2.jpg 4000w, http:\/\/www.stadtchorgmunden.at\/wp-content\/uploads\/2014\/06\/in-der-Arena-2-300x225.jpg 300w, http:\/\/www.stadtchorgmunden.at\/wp-content\/uploads\/2014\/06\/in-der-Arena-2-1024x768.jpg 1024w\" sizes=\"auto, (max-width: 4000px) 100vw, 4000px\" \/><br \/>\n<\/a><\/p>\n<p>Das Treffen der Ch\u00f6re in Verona und der Wettbewerb selbst waren eingebettet in eine 4-Tages-Reise mit wundersch\u00f6nen Ausflugszielen, wo es immer wieder Gelegenheiten zum gemeinsamen Singen gab. Der eigentliche Wettbewerb war am Freitag 20. Juni, um 16 Uhr.<\/p>\n<p>Das Highlight unserer Reise neben dem Wettstreit, war Freitag vormittags das gemeinsame Singen in der Arena von Verona. Seit 100 Jahren erst dient wegen seiner herrlichen Akustik das r\u00f6mische Amphitheater der seinerzeitigen Gladiatorenk\u00e4mpfe, regelm\u00e4\u00dfig als Auff\u00fchrungsst\u00e4tte f\u00fcr Opern und Konzerte. Ein unbeschreibliches Gef\u00fchl empfanden wir, als alle Ch\u00f6re gemeinsam an diesem geschichtstr\u00e4chtigen Ort Beethovens &#8222;Freude sch\u00f6ner G\u00f6tterfunken&#8220; sangen und das &#8222;Locus iste&#8220; von Anton Bruckner.<\/p>","protected":false},"excerpt":{"rendered":"<p>14.12.2025, 18:00 Kleines Adventsingen am Baumwipfelpfad am Gr\u00fcnberg &#8220; Lichterglanz&#8220; 23.11.2025, 16:00 Pfarrkirche Altm\u00fcnster: Chorweihnacht der O\u00d6 Chorverbandes, Region Salzkammergut 23.11.2025, 16:00 Pfarrkirche Altm\u00fcnster: Chorweihnacht der O\u00d6 Chorverbandes, \u00a0 \u00a0 \u00a0 \u00a0 \u00a0 \u00a0 \u00a0 \u00a0 \u00a0 \u00a0 Region Salzkammergut 18. und 19.Oktober 2025 REQUIEM \u2013 W.A.Mozart 27.09.2025, 14:00: Festung Hohen Salzburg: Eine zerfledderte Maus [&hellip;]<\/p>\n","protected":false},"author":1,"featured_media":0,"parent":0,"menu_order":3,"comment_status":"closed","ping_status":"closed","template":"","meta":{"footnotes":""},"class_list":["post-18","page","type-page","status-publish","hentry"],"_links":{"self":[{"href":"http:\/\/www.stadtchorgmunden.at\/index.php?rest_route=\/wp\/v2\/pages\/18","targetHints":{"allow":["GET"]}}],"collection":[{"href":"http:\/\/www.stadtchorgmunden.at\/index.php?rest_route=\/wp\/v2\/pages"}],"about":[{"href":"http:\/\/www.stadtchorgmunden.at\/index.php?rest_route=\/wp\/v2\/types\/page"}],"author":[{"embeddable":true,"href":"http:\/\/www.stadtchorgmunden.at\/index.php?rest_route=\/wp\/v2\/users\/1"}],"replies":[{"embeddable":true,"href":"http:\/\/www.stadtchorgmunden.at\/index.php?rest_route=%2Fwp%2Fv2%2Fcomments&post=18"}],"version-history":[{"count":291,"href":"http:\/\/www.stadtchorgmunden.at\/index.php?rest_route=\/wp\/v2\/pages\/18\/revisions"}],"predecessor-version":[{"id":1841,"href":"http:\/\/www.stadtchorgmunden.at\/index.php?rest_route=\/wp\/v2\/pages\/18\/revisions\/1841"}],"wp:attachment":[{"href":"http:\/\/www.stadtchorgmunden.at\/index.php?rest_route=%2Fwp%2Fv2%2Fmedia&parent=18"}],"curies":[{"name":"wp","href":"https:\/\/api.w.org\/{rel}","templated":true}]}}